{"id":1600,"date":"2022-01-24T13:15:42","date_gmt":"2022-01-24T12:15:42","guid":{"rendered":"https:\/\/www.peek-und-cloppenburg.de\/de\/?page_id=1600"},"modified":"2026-02-24T18:37:27","modified_gmt":"2026-02-24T17:37:27","slug":"abteilungsleiterin","status":"publish","type":"page","link":"https:\/\/www.peek-und-cloppenburg.de\/de\/karriere\/berufserfahrene\/abteilungsleiterin\/","title":{"rendered":"Floor Manager"},"content":{"rendered":"<div class=\"wpb-content-wrapper\">[vc_row bwd_tbc4vd_show_weekday=&#8220;&#8220; full_width=&#8220;stretch_row_content_no_spaces&#8220;][vc_column]<div class=\"keyvisual\" data-aos=\"fade-up\" ><img loading=\"lazy\" decoding=\"async\" width=\"1440\" height=\"480\" src=\"https:\/\/www.peek-und-cloppenburg.de\/de\/wp-content\/uploads\/sites\/7\/2022\/02\/M6_D_VK_Verkauf_061-2.jpg\" class=\"vc_single_image-img keyvisual__image--big\" alt=\"Ein Mann sitzt auf einem wei\u00dfen Podest in einer P&amp;C* Filiale neben einer Schaufensterpuppe, die einen wei\u00dfen Trainingsanzug mit orangefarbenen \u00c4rmeln tr\u00e4gt. Im Hintergrund h\u00e4ngen Kleidungsst\u00fccke auf Kleiderstangen.\" srcset=\"https:\/\/www.peek-und-cloppenburg.de\/de\/wp-content\/uploads\/sites\/7\/2022\/02\/M6_D_VK_Verkauf_061-2.jpg 1440w, https:\/\/www.peek-und-cloppenburg.de\/de\/wp-content\/uploads\/sites\/7\/2022\/02\/M6_D_VK_Verkauf_061-2-300x100.jpg 300w, https:\/\/www.peek-und-cloppenburg.de\/de\/wp-content\/uploads\/sites\/7\/2022\/02\/M6_D_VK_Verkauf_061-2-1024x341.jpg 1024w, https:\/\/www.peek-und-cloppenburg.de\/de\/wp-content\/uploads\/sites\/7\/2022\/02\/M6_D_VK_Verkauf_061-2-768x256.jpg 768w, https:\/\/www.peek-und-cloppenburg.de\/de\/wp-content\/uploads\/sites\/7\/2022\/02\/M6_D_VK_Verkauf_061-2-1200x400.jpg 1200w, https:\/\/www.peek-und-cloppenburg.de\/de\/wp-content\/uploads\/sites\/7\/2022\/02\/M6_D_VK_Verkauf_061-2-992x331.jpg 992w, https:\/\/www.peek-und-cloppenburg.de\/de\/wp-content\/uploads\/sites\/7\/2022\/02\/M6_D_VK_Verkauf_061-2-480x160.jpg 480w, https:\/\/www.peek-und-cloppenburg.de\/de\/wp-content\/uploads\/sites\/7\/2022\/02\/M6_D_VK_Verkauf_061-2-690x230.jpg 690w\" sizes=\"(max-width: 1440px) 100vw, 1440px\" \/><img loading=\"lazy\" decoding=\"async\" width=\"768\" height=\"250\" src=\"https:\/\/www.peek-und-cloppenburg.de\/de\/wp-content\/uploads\/sites\/7\/2022\/02\/M6_D_VK_Verkauf_061_mobile.jpg\" class=\"vc_single_image-img keyvisual__image--small\" alt=\"Ein Mann sitzt auf einem wei\u00dfen Podest in einer P&amp;C* Filiale neben einer Schaufensterpuppe, die einen wei\u00dfen Trainingsanzug mit orangefarbenen \u00c4rmeln tr\u00e4gt. Im Hintergrund h\u00e4ngen Kleidungsst\u00fccke auf Kleiderstangen.\" srcset=\"https:\/\/www.peek-und-cloppenburg.de\/de\/wp-content\/uploads\/sites\/7\/2022\/02\/M6_D_VK_Verkauf_061_mobile.jpg 768w, https:\/\/www.peek-und-cloppenburg.de\/de\/wp-content\/uploads\/sites\/7\/2022\/02\/M6_D_VK_Verkauf_061_mobile-300x98.jpg 300w, https:\/\/www.peek-und-cloppenburg.de\/de\/wp-content\/uploads\/sites\/7\/2022\/02\/M6_D_VK_Verkauf_061_mobile-480x156.jpg 480w, https:\/\/www.peek-und-cloppenburg.de\/de\/wp-content\/uploads\/sites\/7\/2022\/02\/M6_D_VK_Verkauf_061_mobile-690x225.jpg 690w\" sizes=\"(max-width: 768px) 100vw, 768px\" \/><\/div>\n        <div class=\"headlines headlines--center\" data-aos=\"fade-up\">\n            <div class=\"vc_row\">\n                <div class=\"vc_col-md-10 vc_col-md-offset-1 vc_col-lg-10 vc_col-lg-offset-1\"><span class=\"h6\">Kompetenz vermitteln und Verantwortung \u00fcbernehmen<\/span><h1 class=\"h2\">Floor Manager im Verkauf<\/h1><\/div>\n            <\/div>\n        <\/div>[vc_column_text]\r\n<p style=\"text-align: center\">Dein Herz schl\u00e4gt f\u00fcr den station\u00e4ren Einzelhandel und Du m\u00f6chtest mit Deiner Leidenschaft f\u00fcr Mode ein Team f\u00fchren und begeistern? Dann steig bei uns als <span data-teams=\"true\">Abteilungsleiter:in Verkauf <\/span>ein! Wenn Du bereits F\u00fchrungserfahrung sammeln konntest, begleiten wir Dich fachlich und pers\u00f6nlich in Deiner weiteren Entwicklung bei Peek&amp;Cloppenburg*.<\/p>\r\n[\/vc_column_text][vc_column_text]\r\n<h3>Trends ableiten und Teams entwickeln als Floor Manager im Einzelhandel<\/h3>\r\nMit ausgepr\u00e4gter F\u00fchrungserfahrung und Fachkompetenz im Fashion-Retail steigst Du bei Peek&amp;Cloppenburg* direkt als Floor Manager ein und f\u00fchrst ein Team mit bis zu 25 Mitarbeiter:innen. Du ber\u00e4tst Kund:innen und verkaufst Mode mit gr\u00f6\u00dfter Leidenschaft \u2013 und das vermittelst Du auch Deinem Team, dessen Potentiale Du erkennst und individuell weiterentwickelst.\r\n\r\nAls Floor Manager im Verkauf analysierst Du Kennzahlen, leitest Trends ab und gibst Deine Erfahrungen an den Einkauf weiter. Dabei arbeitest Du eng mit der Gesch\u00e4ftsleitung zusammen. Auch im Visual Merchandising sind Deine Ideen sowie Dein unternehmerisches Denken und Handeln gefragt. Mit professionellen Fach- und F\u00fchrungsseminaren bildest Du Dich im Rahmen unseres <a href=\"https:\/\/www.peek-und-cloppenburg.de\/de\/karriere\/wir\/entwicklung\/\"><u>Leadershiptrainings<\/u><\/a> stetig weiter.[\/vc_column_text][vc_column_text]\r\n<h3>Potenzial zur Weiterentwicklung: Deine Karriereaussichten<\/h3>\r\nDu m\u00f6chtest mehr Verantwortung \u00fcbernehmen? Mit Deiner F\u00fchrungserfahrung im Verkauf hast Du die M\u00f6glichkeit, Dich bei entsprechender Eignung als Store Manager:in in einem Store oder in einem unserer <a href=\"https:\/\/www.peek-und-cloppenburg.de\/de\/karriere\/jobs\/fachbereiche\/zentrale-hamburg\/\"><u>Zentralbereiche<\/u><\/a> weiterzuentwickeln.[\/vc_column_text][vc_column_text]Uns verbindet die gemeinsame Leidenschaft f\u00fcr Mode und Menschen. Daf\u00fcr begeistern wir uns jeden Tags aufs Neue. Bist Du dabei?[\/vc_column_text][vc_column_text]\r\n<p style=\"text-align: center\"><a class=\"button button--primary\" href=\"https:\/\/www.peek-und-cloppenburg.de\/de\/karriere\/jobs\/stellenangebote\/\">Jetzt bewerben<\/a><\/p>\r\n[\/vc_column_text][vc_column_text]Du m\u00f6chtest bei Peek&amp;Cloppenburg* durchstarten, das passende Jobangebot ist aber aktuell nicht dabei? Dann schicke uns Deine <a href=\"https:\/\/www.peek-und-cloppenburg.de\/de\/karriere\/jobs\/initiativbewerbung\/\"><u>Initiativbewerbung<\/u><\/a> oder melde Dich f\u00fcr unseren <a href=\"https:\/\/www.peek-und-cloppenburg.de\/de\/karriere\/jobs\/stellenangebote\/job-alarm.html\"><u>Jobalarm <\/u><\/a>an. Wir informieren Dich bei passenden Vorschl\u00e4gen.[\/vc_column_text][\/vc_column][\/vc_row][vc_row][vc_column]<div class=\"quote-teaser quote-teaser--light\" style=\"--bg-image: url(https:\/\/www.peek-und-cloppenburg.de\/de\/wp-content\/uploads\/sites\/7\/2021\/05\/M7_F_Wir_Headerbild_Gruppe_023-1200x542.jpg); --season-color: #002045\" data-aos=\"fade-up\"><div class=\"vc_row vc_row-flex\"><div class=\"vc_col-sm-6 vc_col-sm-offset-6\"><div class=\"quote-teaser__content\"><img loading=\"lazy\" decoding=\"async\" width=\"768\" height=\"650\" src=\"https:\/\/www.peek-und-cloppenburg.de\/de\/wp-content\/uploads\/sites\/7\/2022\/02\/M7_F_Wir_Headerbild_Gruppe_023.jpg\" class=\"quote-teaser__content__image\" alt=\"Ein l\u00e4chelnder Mann mit Bart und t\u00e4towierten Armen tr\u00e4gt ein dunkles Oberteil und sitzt vor einem dunkelblauen Hintergrund.\" srcset=\"https:\/\/www.peek-und-cloppenburg.de\/de\/wp-content\/uploads\/sites\/7\/2022\/02\/M7_F_Wir_Headerbild_Gruppe_023.jpg 768w, https:\/\/www.peek-und-cloppenburg.de\/de\/wp-content\/uploads\/sites\/7\/2022\/02\/M7_F_Wir_Headerbild_Gruppe_023-300x254.jpg 300w, https:\/\/www.peek-und-cloppenburg.de\/de\/wp-content\/uploads\/sites\/7\/2022\/02\/M7_F_Wir_Headerbild_Gruppe_023-480x406.jpg 480w, https:\/\/www.peek-und-cloppenburg.de\/de\/wp-content\/uploads\/sites\/7\/2022\/02\/M7_F_Wir_Headerbild_Gruppe_023-690x584.jpg 690w\" sizes=\"(max-width: 768px) 100vw, 768px\" \/><div class=\"quote-teaser__content__quote\">Direkt einsteigen und im Handel von morgen durchstarten.<\/div><div class=\"quote-teaser__content__author\"><p>Karsten, Store Manager<\/p>\n<\/div><a class=\"button button--light\" href=\"https:\/\/www.peek-und-cloppenburg.de\/de\/karriere\/jobs\/stellenangebote\/\" target=\"_self\" rel=\"\" style=\"\">Komm in unser Team!<\/a><\/div><\/div><\/div><\/div>[\/vc_column][\/vc_row][vc_row bwd_tbc4vd_show_weekday=&#8220;&#8220; full_width=&#8220;stretch_row_content_no_spaces&#8220;][vc_column]\n        <div class=\"headlines headlines--center\" data-aos=\"fade-up\">\n            <div class=\"vc_row\">\n                <div class=\"vc_col-md-10 vc_col-md-offset-1 vc_col-lg-10 vc_col-lg-offset-1\"><h2 class=\"h2\">Einstieg bei Peek&amp;Cloppenburg*<\/h2><\/div>\n            <\/div>\n        <\/div>[vc_row_inner bwd_tbc4vd_show_weekday=&#8220;&#8220; row_design=&#8220;row_square_background&#8220;][vc_column_inner width=&#8220;1\/3&#8243;]<div class=\"vg-element cta-teaser cta-teaser--center\" data-aos=\"fade-up\"><div class=\"cta-teaser__image\"><a class=\"\" href=\"https:\/\/www.peek-und-cloppenburg.de\/de\/karriere\/wir\/entwicklung\/\" target=\"_blank\" rel=\"\" style=\"\"><img loading=\"lazy\" decoding=\"async\" width=\"380\" height=\"254\" src=\"https:\/\/www.peek-und-cloppenburg.de\/de\/wp-content\/uploads\/sites\/7\/2022\/02\/M12_A_GRUPPE_PORTRAIT_TRAINER_005-2.jpg\" class=\"vc_single_image-img attachment-full\" alt=\"Zwei l\u00e4chelnde Frauen umarmen sich vor einem dunkelblauen Hintergrund.\" title=\"Entwicklung Peek und Cloppenburg Hamburg\" srcset=\"https:\/\/www.peek-und-cloppenburg.de\/de\/wp-content\/uploads\/sites\/7\/2022\/02\/M12_A_GRUPPE_PORTRAIT_TRAINER_005-2.jpg 380w, https:\/\/www.peek-und-cloppenburg.de\/de\/wp-content\/uploads\/sites\/7\/2022\/02\/M12_A_GRUPPE_PORTRAIT_TRAINER_005-2-300x201.jpg 300w\" sizes=\"(max-width: 380px) 100vw, 380px\" \/><\/a><\/div><div class=\"cta-teaser__text\"><h3>Entwicklung<\/h3><p>Lernen kommt nie aus der Mode! Mit vielen Trainings und Programmen machen wir Dich fit f\u00fcr Deine Zukunft.<\/p><a class=\"button\" href=\"https:\/\/www.peek-und-cloppenburg.de\/de\/karriere\/wir\/entwicklung\/\" target=\"_blank\" rel=\"\" style=\"\">Jetzt weiterentwickeln<\/a><\/div><\/div>[\/vc_column_inner][vc_column_inner width=&#8220;1\/3&#8243;]<div class=\"vg-element cta-teaser cta-teaser--center\" data-aos=\"fade-up\"><div class=\"cta-teaser__image\"><a class=\"\" href=\"https:\/\/www.peek-und-cloppenburg.de\/de\/karriere\/kontakt\/\" target=\"_self\" rel=\"\" style=\"\"><img loading=\"lazy\" decoding=\"async\" width=\"380\" height=\"254\" src=\"https:\/\/www.peek-und-cloppenburg.de\/de\/wp-content\/uploads\/sites\/7\/2022\/03\/Lucille_service-Teaser-1.jpg\" class=\"vc_single_image-img attachment-full\" alt=\"Eine junge Frau mit langen blonden Haaren und Brille vor einem blauen Hintergrund.\" title=\"Lucille Bumann Peek und Cloppenburg Hamburg\" srcset=\"https:\/\/www.peek-und-cloppenburg.de\/de\/wp-content\/uploads\/sites\/7\/2022\/03\/Lucille_service-Teaser-1.jpg 380w, https:\/\/www.peek-und-cloppenburg.de\/de\/wp-content\/uploads\/sites\/7\/2022\/03\/Lucille_service-Teaser-1-300x201.jpg 300w\" sizes=\"(max-width: 380px) 100vw, 380px\" \/><\/a><\/div><div class=\"cta-teaser__text\"><h3>Kontakt<\/h3><p>Du hast Fragen zum Jobeinstieg bei Peek&amp;Cloppenburg*? Dann melde Dich direkt bei Lucille: +49 40 33967-378<\/p><a class=\"button\" href=\"https:\/\/www.peek-und-cloppenburg.de\/de\/karriere\/kontakt\/\" target=\"_self\" rel=\"\" style=\"\">E-Mail an Lucille<\/a><\/div><\/div>[\/vc_column_inner][vc_column_inner width=&#8220;1\/3&#8243;]<div class=\"vg-element cta-teaser cta-teaser--center\" data-aos=\"fade-up\"><div class=\"cta-teaser__image\"><a class=\"\" href=\"https:\/\/www.peek-und-cloppenburg.de\/de\/karriere\/wir\/miteinander\/\" target=\"_self\" rel=\"\" style=\"\"><img loading=\"lazy\" decoding=\"async\" width=\"380\" height=\"254\" src=\"https:\/\/www.peek-und-cloppenburg.de\/de\/wp-content\/uploads\/sites\/7\/2022\/02\/M7_D_Wir_Headerbild_Gruppe_030-2.jpg\" class=\"vc_single_image-img attachment-full\" alt=\"Vier Personen posieren lachend vor einem blauen Hintergrund und stehen eng beieinander.\" title=\"Wir Peek und Cloppenburg Hamburg\" srcset=\"https:\/\/www.peek-und-cloppenburg.de\/de\/wp-content\/uploads\/sites\/7\/2022\/02\/M7_D_Wir_Headerbild_Gruppe_030-2.jpg 380w, https:\/\/www.peek-und-cloppenburg.de\/de\/wp-content\/uploads\/sites\/7\/2022\/02\/M7_D_Wir_Headerbild_Gruppe_030-2-300x201.jpg 300w\" sizes=\"(max-width: 380px) 100vw, 380px\" \/><\/a><\/div><div class=\"cta-teaser__text\"><h3>Miteinander<\/h3><p>Uns verbindet die gemeinsame Leidenschaft f\u00fcr Mode und Menschen. Erfahre mehr unsere Kultur.<\/p><a class=\"button\" href=\"https:\/\/www.peek-und-cloppenburg.de\/de\/karriere\/wir\/miteinander\/\" target=\"_self\" rel=\"\" style=\"\">Wie wir ticken<\/a><\/div><\/div>[\/vc_column_inner][\/vc_row_inner][\/vc_column][\/vc_row]<\/div>","protected":false},"excerpt":{"rendered":"[vc_row bwd_tbc4vd_show_weekday=&#8220;&#8220; full_width=&#8220;stretch_row_content_no_spaces&#8220;][vc_column][vc_column_text] Dein Herz schl\u00e4gt f\u00fcr den station\u00e4ren Einzelhandel und Du m\u00f6chtest mit Deiner Leidenschaft f\u00fcr Mode ein Team f\u00fchren und begeistern? Dann steig bei uns als Abteilungsleiter:in Verkauf ein! Wenn Du bereits F\u00fchrungserfahrung sammeln konntest, begleiten wir Dich fachlich und pers\u00f6nlich in Deiner weiteren Entwicklung bei Peek&amp;Cloppenburg*. [\/vc_column_text][vc_column_text] Trends ableiten und Teams entwickeln [&hellip;]","protected":false},"author":6,"featured_media":0,"parent":1574,"menu_order":0,"comment_status":"closed","ping_status":"closed","template":"","meta":{"_acf_changed":false,"inline_featured_image":false,"footnotes":""},"class_list":["post-1600","page","type-page","status-publish","hentry"],"acf":[],"yoast_head":"<!-- This site is optimized with the Yoast SEO plugin v27.2 - https:\/\/yoast.com\/product\/yoast-seo-wordpress\/ -->\n<title>Abteilungsleiter:in Verkauf | Peek&amp;Cloppenburg Hamburg<\/title>\n<meta name=\"description\" content=\"Du m\u00f6chtest erfolgreich ein Team f\u00fchren, und eng mit der Gesch\u00e4ftsleitung zusammenarbeiten? Bewirb Dich als Abteilungsleiter:in im Verkauf!\" \/>\n<meta name=\"robots\" content=\"index, follow, max-snippet:-1, max-image-preview:large, max-video-preview:-1\" \/>\n<link rel=\"canonical\" href=\"https:\/\/www.peek-und-cloppenburg.de\/de\/karriere\/berufserfahrene\/abteilungsleiterin\/\" \/>\n<meta property=\"og:locale\" content=\"de_DE\" \/>\n<meta property=\"og:type\" content=\"article\" \/>\n<meta property=\"og:title\" content=\"Abteilungsleiter:in Verkauf | Peek&amp;Cloppenburg Hamburg\" \/>\n<meta property=\"og:description\" content=\"Du m\u00f6chtest erfolgreich ein Team f\u00fchren, und eng mit der Gesch\u00e4ftsleitung zusammenarbeiten? Bewirb Dich als Abteilungsleiter:in im Verkauf!\" \/>\n<meta property=\"og:url\" content=\"https:\/\/www.peek-und-cloppenburg.de\/de\/karriere\/berufserfahrene\/abteilungsleiterin\/\" \/>\n<meta property=\"og:site_name\" content=\"Peek&amp;Cloppenburg Deutschland\" \/>\n<meta property=\"article:publisher\" content=\"https:\/\/de-de.facebook.com\/peekundcloppenburg\/\" \/>\n<meta property=\"article:modified_time\" content=\"2026-02-24T17:37:27+00:00\" \/>\n<meta name=\"twitter:card\" content=\"summary_large_image\" \/>\n<meta name=\"twitter:label1\" content=\"Gesch\u00e4tzte Lesezeit\" \/>\n\t<meta name=\"twitter:data1\" content=\"4\u00a0Minuten\" \/>\n<script type=\"application\/ld+json\" class=\"yoast-schema-graph\">{\"@context\":\"https:\/\/schema.org\",\"@graph\":[{\"@type\":\"WebPage\",\"@id\":\"https:\/\/www.peek-und-cloppenburg.de\/de\/karriere\/berufserfahrene\/abteilungsleiterin\/\",\"url\":\"https:\/\/www.peek-und-cloppenburg.de\/de\/karriere\/berufserfahrene\/abteilungsleiterin\/\",\"name\":\"Abteilungsleiter:in Verkauf | Peek&Cloppenburg Hamburg\",\"isPartOf\":{\"@id\":\"https:\/\/www.peek-und-cloppenburg.de\/de\/#website\"},\"datePublished\":\"2022-01-24T12:15:42+00:00\",\"dateModified\":\"2026-02-24T17:37:27+00:00\",\"description\":\"Du m\u00f6chtest erfolgreich ein Team f\u00fchren, und eng mit der Gesch\u00e4ftsleitung zusammenarbeiten? Bewirb Dich als Abteilungsleiter:in im Verkauf!\",\"breadcrumb\":{\"@id\":\"https:\/\/www.peek-und-cloppenburg.de\/de\/karriere\/berufserfahrene\/abteilungsleiterin\/#breadcrumb\"},\"inLanguage\":\"de\",\"potentialAction\":[{\"@type\":\"ReadAction\",\"target\":[\"https:\/\/www.peek-und-cloppenburg.de\/de\/karriere\/berufserfahrene\/abteilungsleiterin\/\"]}]},{\"@type\":\"BreadcrumbList\",\"@id\":\"https:\/\/www.peek-und-cloppenburg.de\/de\/karriere\/berufserfahrene\/abteilungsleiterin\/#breadcrumb\",\"itemListElement\":[{\"@type\":\"ListItem\",\"position\":1,\"name\":\"Startseite\",\"item\":\"https:\/\/www.peek-und-cloppenburg.de\/de\/\"},{\"@type\":\"ListItem\",\"position\":2,\"name\":\"Karriere\",\"item\":\"https:\/\/www.peek-und-cloppenburg.de\/de\/karriere\/\"},{\"@type\":\"ListItem\",\"position\":3,\"name\":\"Berufserfahrene\",\"item\":\"https:\/\/www.peek-und-cloppenburg.de\/de\/karriere\/berufserfahrene\/\"},{\"@type\":\"ListItem\",\"position\":4,\"name\":\"Floor Manager\"}]},{\"@type\":\"WebSite\",\"@id\":\"https:\/\/www.peek-und-cloppenburg.de\/de\/#website\",\"url\":\"https:\/\/www.peek-und-cloppenburg.de\/de\/\",\"name\":\"Peek&Cloppenburg KG Hamburg\",\"description\":\"Peek&amp;Cloppenburg KG Hamburg\",\"publisher\":{\"@id\":\"https:\/\/www.peek-und-cloppenburg.de\/de\/#organization\"},\"potentialAction\":[{\"@type\":\"SearchAction\",\"target\":{\"@type\":\"EntryPoint\",\"urlTemplate\":\"https:\/\/www.peek-und-cloppenburg.de\/de\/?s={search_term_string}\"},\"query-input\":{\"@type\":\"PropertyValueSpecification\",\"valueRequired\":true,\"valueName\":\"search_term_string\"}}],\"inLanguage\":\"de\"},{\"@type\":\"Organization\",\"@id\":\"https:\/\/www.peek-und-cloppenburg.de\/de\/#organization\",\"name\":\"Peek&Cloppenburg KG Hamburg\",\"url\":\"https:\/\/www.peek-und-cloppenburg.de\/de\/\",\"logo\":{\"@type\":\"ImageObject\",\"inLanguage\":\"de\",\"@id\":\"https:\/\/www.peek-und-cloppenburg.de\/de\/#\/schema\/logo\/image\/\",\"url\":\"https:\/\/www.peek-und-cloppenburg.de\/de\/wp-content\/uploads\/sites\/7\/2020\/02\/logo_pc.svg\",\"contentUrl\":\"https:\/\/www.peek-und-cloppenburg.de\/de\/wp-content\/uploads\/sites\/7\/2020\/02\/logo_pc.svg\",\"width\":\"1024\",\"height\":\"1024\",\"caption\":\"Peek&Cloppenburg KG Hamburg\"},\"image\":{\"@id\":\"https:\/\/www.peek-und-cloppenburg.de\/de\/#\/schema\/logo\/image\/\"},\"sameAs\":[\"https:\/\/de-de.facebook.com\/peekundcloppenburg\/\",\"https:\/\/www.instagram.com\/vangraaf_de\/\",\"https:\/\/www.youtube.com\/channel\/UCPdkk0FSUkdWYlzYtJpiUuw\",\"https:\/\/www.snapchat.com\/add\/Pundckarriere\"]}]}<\/script>\n<!-- \/ Yoast SEO plugin. -->","yoast_head_json":{"title":"Abteilungsleiter:in Verkauf | Peek&Cloppenburg Hamburg","description":"Du m\u00f6chtest erfolgreich ein Team f\u00fchren, und eng mit der Gesch\u00e4ftsleitung zusammenarbeiten? Bewirb Dich als Abteilungsleiter:in im Verkauf!","robots":{"index":"index","follow":"follow","max-snippet":"max-snippet:-1","max-image-preview":"max-image-preview:large","max-video-preview":"max-video-preview:-1"},"canonical":"https:\/\/www.peek-und-cloppenburg.de\/de\/karriere\/berufserfahrene\/abteilungsleiterin\/","og_locale":"de_DE","og_type":"article","og_title":"Abteilungsleiter:in Verkauf | Peek&Cloppenburg Hamburg","og_description":"Du m\u00f6chtest erfolgreich ein Team f\u00fchren, und eng mit der Gesch\u00e4ftsleitung zusammenarbeiten? Bewirb Dich als Abteilungsleiter:in im Verkauf!","og_url":"https:\/\/www.peek-und-cloppenburg.de\/de\/karriere\/berufserfahrene\/abteilungsleiterin\/","og_site_name":"Peek&amp;Cloppenburg Deutschland","article_publisher":"https:\/\/de-de.facebook.com\/peekundcloppenburg\/","article_modified_time":"2026-02-24T17:37:27+00:00","twitter_card":"summary_large_image","twitter_misc":{"Gesch\u00e4tzte Lesezeit":"4\u00a0Minuten"},"schema":{"@context":"https:\/\/schema.org","@graph":[{"@type":"WebPage","@id":"https:\/\/www.peek-und-cloppenburg.de\/de\/karriere\/berufserfahrene\/abteilungsleiterin\/","url":"https:\/\/www.peek-und-cloppenburg.de\/de\/karriere\/berufserfahrene\/abteilungsleiterin\/","name":"Abteilungsleiter:in Verkauf | Peek&Cloppenburg Hamburg","isPartOf":{"@id":"https:\/\/www.peek-und-cloppenburg.de\/de\/#website"},"datePublished":"2022-01-24T12:15:42+00:00","dateModified":"2026-02-24T17:37:27+00:00","description":"Du m\u00f6chtest erfolgreich ein Team f\u00fchren, und eng mit der Gesch\u00e4ftsleitung zusammenarbeiten? Bewirb Dich als Abteilungsleiter:in im Verkauf!","breadcrumb":{"@id":"https:\/\/www.peek-und-cloppenburg.de\/de\/karriere\/berufserfahrene\/abteilungsleiterin\/#breadcrumb"},"inLanguage":"de","potentialAction":[{"@type":"ReadAction","target":["https:\/\/www.peek-und-cloppenburg.de\/de\/karriere\/berufserfahrene\/abteilungsleiterin\/"]}]},{"@type":"BreadcrumbList","@id":"https:\/\/www.peek-und-cloppenburg.de\/de\/karriere\/berufserfahrene\/abteilungsleiterin\/#breadcrumb","itemListElement":[{"@type":"ListItem","position":1,"name":"Startseite","item":"https:\/\/www.peek-und-cloppenburg.de\/de\/"},{"@type":"ListItem","position":2,"name":"Karriere","item":"https:\/\/www.peek-und-cloppenburg.de\/de\/karriere\/"},{"@type":"ListItem","position":3,"name":"Berufserfahrene","item":"https:\/\/www.peek-und-cloppenburg.de\/de\/karriere\/berufserfahrene\/"},{"@type":"ListItem","position":4,"name":"Floor Manager"}]},{"@type":"WebSite","@id":"https:\/\/www.peek-und-cloppenburg.de\/de\/#website","url":"https:\/\/www.peek-und-cloppenburg.de\/de\/","name":"Peek&Cloppenburg KG Hamburg","description":"Peek&amp;Cloppenburg KG Hamburg","publisher":{"@id":"https:\/\/www.peek-und-cloppenburg.de\/de\/#organization"},"potentialAction":[{"@type":"SearchAction","target":{"@type":"EntryPoint","urlTemplate":"https:\/\/www.peek-und-cloppenburg.de\/de\/?s={search_term_string}"},"query-input":{"@type":"PropertyValueSpecification","valueRequired":true,"valueName":"search_term_string"}}],"inLanguage":"de"},{"@type":"Organization","@id":"https:\/\/www.peek-und-cloppenburg.de\/de\/#organization","name":"Peek&Cloppenburg KG Hamburg","url":"https:\/\/www.peek-und-cloppenburg.de\/de\/","logo":{"@type":"ImageObject","inLanguage":"de","@id":"https:\/\/www.peek-und-cloppenburg.de\/de\/#\/schema\/logo\/image\/","url":"https:\/\/www.peek-und-cloppenburg.de\/de\/wp-content\/uploads\/sites\/7\/2020\/02\/logo_pc.svg","contentUrl":"https:\/\/www.peek-und-cloppenburg.de\/de\/wp-content\/uploads\/sites\/7\/2020\/02\/logo_pc.svg","width":"1024","height":"1024","caption":"Peek&Cloppenburg KG Hamburg"},"image":{"@id":"https:\/\/www.peek-und-cloppenburg.de\/de\/#\/schema\/logo\/image\/"},"sameAs":["https:\/\/de-de.facebook.com\/peekundcloppenburg\/","https:\/\/www.instagram.com\/vangraaf_de\/","https:\/\/www.youtube.com\/channel\/UCPdkk0FSUkdWYlzYtJpiUuw","https:\/\/www.snapchat.com\/add\/Pundckarriere"]}]}},"_links":{"self":[{"href":"https:\/\/www.peek-und-cloppenburg.de\/de\/wp-json\/wp\/v2\/pages\/1600","targetHints":{"allow":["GET"]}}],"collection":[{"href":"https:\/\/www.peek-und-cloppenburg.de\/de\/wp-json\/wp\/v2\/pages"}],"about":[{"href":"https:\/\/www.peek-und-cloppenburg.de\/de\/wp-json\/wp\/v2\/types\/page"}],"author":[{"embeddable":true,"href":"https:\/\/www.peek-und-cloppenburg.de\/de\/wp-json\/wp\/v2\/users\/6"}],"replies":[{"embeddable":true,"href":"https:\/\/www.peek-und-cloppenburg.de\/de\/wp-json\/wp\/v2\/comments?post=1600"}],"version-history":[{"count":27,"href":"https:\/\/www.peek-und-cloppenburg.de\/de\/wp-json\/wp\/v2\/pages\/1600\/revisions"}],"predecessor-version":[{"id":12357,"href":"https:\/\/www.peek-und-cloppenburg.de\/de\/wp-json\/wp\/v2\/pages\/1600\/revisions\/12357"}],"up":[{"embeddable":true,"href":"https:\/\/www.peek-und-cloppenburg.de\/de\/wp-json\/wp\/v2\/pages\/1574"}],"wp:attachment":[{"href":"https:\/\/www.peek-und-cloppenburg.de\/de\/wp-json\/wp\/v2\/media?parent=1600"}],"curies":[{"name":"wp","href":"https:\/\/api.w.org\/{rel}","templated":true}]}}