{"id":1598,"date":"2022-01-24T13:15:20","date_gmt":"2022-01-24T12:15:20","guid":{"rendered":"https:\/\/www.peek-und-cloppenburg.de\/de\/?page_id=1598"},"modified":"2026-02-24T18:34:47","modified_gmt":"2026-02-24T17:34:47","slug":"junior-abteilungsleiter","status":"publish","type":"page","link":"https:\/\/www.peek-und-cloppenburg.de\/de\/karriere\/berufserfahrene\/junior-abteilungsleiter\/","title":{"rendered":"Junior Abteilungsleitung"},"content":{"rendered":"<div class=\"wpb-content-wrapper\">[vc_row bwd_tbc4vd_show_weekday=&#8220;&#8220; full_width=&#8220;stretch_row_content_no_spaces&#8220;][vc_column]<div class=\"keyvisual\" data-aos=\"fade-up\" ><img loading=\"lazy\" decoding=\"async\" width=\"1440\" height=\"480\" src=\"https:\/\/www.peek-und-cloppenburg.de\/de\/wp-content\/uploads\/sites\/7\/2022\/02\/M7_B_Wir_Headerbild_Gruppe_034-1.jpg\" class=\"vc_single_image-img\" alt=\"Eine l\u00e4chelnde Frau sitzt vor einem dunkelblauen Hintergrund und tr\u00e4gt ein farbenfrohes Kleid.\" srcset=\"https:\/\/www.peek-und-cloppenburg.de\/de\/wp-content\/uploads\/sites\/7\/2022\/02\/M7_B_Wir_Headerbild_Gruppe_034-1.jpg 1440w, https:\/\/www.peek-und-cloppenburg.de\/de\/wp-content\/uploads\/sites\/7\/2022\/02\/M7_B_Wir_Headerbild_Gruppe_034-1-300x100.jpg 300w, https:\/\/www.peek-und-cloppenburg.de\/de\/wp-content\/uploads\/sites\/7\/2022\/02\/M7_B_Wir_Headerbild_Gruppe_034-1-1024x341.jpg 1024w, https:\/\/www.peek-und-cloppenburg.de\/de\/wp-content\/uploads\/sites\/7\/2022\/02\/M7_B_Wir_Headerbild_Gruppe_034-1-768x256.jpg 768w, https:\/\/www.peek-und-cloppenburg.de\/de\/wp-content\/uploads\/sites\/7\/2022\/02\/M7_B_Wir_Headerbild_Gruppe_034-1-1200x400.jpg 1200w, https:\/\/www.peek-und-cloppenburg.de\/de\/wp-content\/uploads\/sites\/7\/2022\/02\/M7_B_Wir_Headerbild_Gruppe_034-1-992x331.jpg 992w, https:\/\/www.peek-und-cloppenburg.de\/de\/wp-content\/uploads\/sites\/7\/2022\/02\/M7_B_Wir_Headerbild_Gruppe_034-1-480x160.jpg 480w, https:\/\/www.peek-und-cloppenburg.de\/de\/wp-content\/uploads\/sites\/7\/2022\/02\/M7_B_Wir_Headerbild_Gruppe_034-1-690x230.jpg 690w\" sizes=\"(max-width: 1440px) 100vw, 1440px\" \/><\/div>\n        <div class=\"headlines headlines--center\" data-aos=\"fade-up\">\n            <div class=\"vc_row\">\n                <div class=\"vc_col-md-10 vc_col-md-offset-1 vc_col-lg-10 vc_col-lg-offset-1\"><span class=\"h6\">F\u00fchrungskompetenz entwickeln und Fachwissen ausbauen<\/span><h1 class=\"h2\">Junior Floor Manager im Verkauf<\/h1><\/div>\n            <\/div>\n        <\/div>[vc_column_text]\r\n<p style=\"text-align: center\">Dein Herz schl\u00e4gt f\u00fcr den station\u00e4ren Einzelhandel und Du m\u00f6chtest in Zukunft mit Deiner Leidenschaft ein Team f\u00fchren und begeistern? Dann steig bei uns als <span data-teams=\"true\"> Junior Abteilungsleiter:in Verkauf <\/span>ein. Am Beginn Deiner Karriere begleiten wir Dich fachlich und pers\u00f6nlich in Deiner weiteren Entwicklung bei Peek&amp;Cloppenburg*.<\/p>\r\n[\/vc_column_text][vc_column_text]\r\n<h3>Erfahrungen sammeln und eigenverantwortlich handeln als Junior Floor Manager im Verkauf<\/h3>\r\nDer Job als Junior Floor Manager ist der perfekte Einstieg f\u00fcr Dich, wenn Du bereits erste F\u00fchrungserfahrung gesammelt hast, zum Beispiel nach einer kaufm\u00e4nnischen Ausbildung im textilen Einzelhandel, als Handelsfachwirt:in oder in einer dienstleistungsorientierten Branche. Wenn Du nun den Sprung zur F\u00fchrungskraft wagen m\u00f6chtest und eine ausgesprochene Leidenschaft f\u00fcr Mode und Menschen mitbringst, bist Du bei uns goldrichtig!\r\n\r\nAls Junior Floor Manager bereiten wir Dich auf Deine zuk\u00fcnftigen Aufgaben als F\u00fchrungskraft vor. Du arbeitest eng mit erfahrenen Floor Managern zusammen, lernst wichtige F\u00fchrungsinstrumente kennen und \u00fcbernimmst schnell F\u00fchrungsverantwortung. Das notwendige Know-how rund um unsere Ware und unternehmensspezifische Prozesse vermitteln wir Dir in Deinem Einsatz on the Job. Dein Fachwissen erg\u00e4nzen wir durch spannende Seminare mit unseren exzellenten Trainer:innen.[\/vc_column_text][vc_column_text]\r\n<h3>Leadershiptraining zur Weiterentwicklung Deiner F\u00fchrungskompetenz<\/h3>\r\nZus\u00e4tzlich nimmst Du an unserem Programm f\u00fcr Junior Floor Managern teil, das wir individuell auf Deine Entwicklung abstimmen. Du profitierst von unseren <u><a href=\"https:\/\/www.peek-und-cloppenburg.de\/de\/karriere\/wir\/entwicklung\/\">Leadershiptrainings<\/a>,<\/u> absolvierst Deinen Ausbilderschein (AdA) und \u00fcbernimmst zus\u00e4tzliche spannende Projekte im Verkauf. Deine Entwicklung wird durch regelm\u00e4\u00dfiges und enges Mentoring mit <span data-teams=\"true\">Deiner:m Store Manager:in <\/span>und dem Team People &amp; Culture begleitet.\r\n\r\nUns verbindet die gemeinsame Leidenschaft f\u00fcr Mode und Menschen. Daf\u00fcr begeistern wir uns jeden Tags aufs Neue. Bist Du dabei?[\/vc_column_text][vc_column_text]\r\n<p style=\"text-align: center\"><a class=\"button button--primary\" href=\"https:\/\/www.peek-und-cloppenburg.de\/de\/karriere\/jobs\/stellenangebote\/\">Jetzt bewerben<\/a><\/p>\r\n[\/vc_column_text][vc_column_text]Du m\u00f6chtest bei Peek&amp;Cloppenburg* durchstarten, das passende Jobangebot ist aber aktuell nicht dabei? Dann schicke uns Deine <a href=\"https:\/\/www.peek-und-cloppenburg.de\/de\/karriere\/jobs\/initiativbewerbung\/\"><u>Initiativbewerbung<\/u><\/a> oder melde Dich f\u00fcr unseren <a href=\"https:\/\/www.peek-und-cloppenburg.de\/de\/karriere\/jobs\/stellenangebote\/job-alarm.html\"><u>Job Alarm<\/u><\/a> an. Wir informieren Dich bei passenden Vorschl\u00e4gen.[\/vc_column_text][\/vc_column][\/vc_row][vc_row][vc_column]<div class=\"quote-teaser quote-teaser--light\" style=\"--bg-image: url(https:\/\/www.peek-und-cloppenburg.de\/de\/wp-content\/uploads\/sites\/7\/2022\/02\/M10_A_Portraits_Buero_003-1200x542.jpg); --season-color: #002045\" data-aos=\"fade-up\"><div class=\"vc_row vc_row-flex\"><div class=\"vc_col-sm-6 vc_col-sm-offset-6\"><div class=\"quote-teaser__content\"><img loading=\"lazy\" decoding=\"async\" width=\"768\" height=\"650\" src=\"https:\/\/www.peek-und-cloppenburg.de\/de\/wp-content\/uploads\/sites\/7\/2022\/02\/M10_A_Portraits_Buero_003-1.jpg\" class=\"quote-teaser__content__image\" alt=\"Eine Person mit blonden Haaren tr\u00e4gt eine olivgr\u00fcne Jacke und sitzt vor einem dunkelgrauen Hintergrund.\" srcset=\"https:\/\/www.peek-und-cloppenburg.de\/de\/wp-content\/uploads\/sites\/7\/2022\/02\/M10_A_Portraits_Buero_003-1.jpg 768w, https:\/\/www.peek-und-cloppenburg.de\/de\/wp-content\/uploads\/sites\/7\/2022\/02\/M10_A_Portraits_Buero_003-1-300x254.jpg 300w, https:\/\/www.peek-und-cloppenburg.de\/de\/wp-content\/uploads\/sites\/7\/2022\/02\/M10_A_Portraits_Buero_003-1-480x406.jpg 480w, https:\/\/www.peek-und-cloppenburg.de\/de\/wp-content\/uploads\/sites\/7\/2022\/02\/M10_A_Portraits_Buero_003-1-690x584.jpg 690w\" sizes=\"(max-width: 768px) 100vw, 768px\" \/><div class=\"quote-teaser__content__quote\">Viel Verantwortung und eine steile Lernkurve.<\/div><div class=\"quote-teaser__content__author\"><p>Lara-Aileen, Junior Abteilungsleiterin<\/p>\n<\/div><a class=\"button button--light\" href=\"https:\/\/www.peek-und-cloppenburg.de\/de\/karriere\/jobs\/stellenangebote\/\" target=\"_self\" rel=\"\" style=\"\">Komm in unser Team!<\/a><\/div><\/div><\/div><\/div>[\/vc_column][\/vc_row][vc_row bwd_tbc4vd_show_weekday=&#8220;&#8220; full_width=&#8220;stretch_row_content_no_spaces&#8220;][vc_column]\n        <div class=\"headlines headlines--center\" data-aos=\"fade-up\">\n            <div class=\"vc_row\">\n                <div class=\"vc_col-md-10 vc_col-md-offset-1 vc_col-lg-10 vc_col-lg-offset-1\"><\/div>\n            <\/div>\n        <\/div>[vc_row_inner bwd_tbc4vd_show_weekday=&#8220;&#8220; row_design=&#8220;row_square_background&#8220;][vc_column_inner width=&#8220;1\/3&#8243;]<div class=\"vg-element cta-teaser cta-teaser--center\" data-aos=\"fade-up\"><div class=\"cta-teaser__image\"><a class=\"\" href=\"https:\/\/www.peek-und-cloppenburg.de\/de\/karriere\/wir\/entwicklung\/\" target=\"_self\" rel=\"\" style=\"\"><img loading=\"lazy\" decoding=\"async\" width=\"380\" height=\"254\" src=\"https:\/\/www.peek-und-cloppenburg.de\/de\/wp-content\/uploads\/sites\/7\/2022\/02\/M12_A_GRUPPE_PORTRAIT_TRAINER_005-2.jpg\" class=\"vc_single_image-img attachment-full\" alt=\"Zwei l\u00e4chelnde Frauen umarmen sich vor einem dunkelblauen Hintergrund.\" title=\"Entwicklung Peek und Cloppenburg Hamburg\" srcset=\"https:\/\/www.peek-und-cloppenburg.de\/de\/wp-content\/uploads\/sites\/7\/2022\/02\/M12_A_GRUPPE_PORTRAIT_TRAINER_005-2.jpg 380w, https:\/\/www.peek-und-cloppenburg.de\/de\/wp-content\/uploads\/sites\/7\/2022\/02\/M12_A_GRUPPE_PORTRAIT_TRAINER_005-2-300x201.jpg 300w\" sizes=\"(max-width: 380px) 100vw, 380px\" \/><\/a><\/div><div class=\"cta-teaser__text\"><h3>Entwicklung<\/h3><p>Lernen kommt nie aus der Mode! Mit vielen Trainings und Programmen machen wir Dich fit f\u00fcr Deine Zukunft.<\/p><a class=\"button\" href=\"https:\/\/www.peek-und-cloppenburg.de\/de\/karriere\/wir\/entwicklung\/\" target=\"_self\" rel=\"\" style=\"\">Weiter entwickeln<\/a><\/div><\/div>[\/vc_column_inner][vc_column_inner width=&#8220;1\/3&#8243;]<div class=\"vg-element cta-teaser cta-teaser--center\" data-aos=\"fade-up\"><div class=\"cta-teaser__image\"><a class=\"\" href=\"https:\/\/www.peek-und-cloppenburg.de\/de\/karriere\/kontakt\/\" target=\"_self\" rel=\"\" style=\"\"><img loading=\"lazy\" decoding=\"async\" width=\"380\" height=\"254\" src=\"https:\/\/www.peek-und-cloppenburg.de\/de\/wp-content\/uploads\/sites\/7\/2022\/03\/Lucille_service-Teaser-1.jpg\" class=\"vc_single_image-img attachment-full\" alt=\"Eine junge Frau mit langen blonden Haaren und Brille vor einem blauen Hintergrund.\" title=\"Lucille Bumann Peek und Cloppenburg Hamburg\" srcset=\"https:\/\/www.peek-und-cloppenburg.de\/de\/wp-content\/uploads\/sites\/7\/2022\/03\/Lucille_service-Teaser-1.jpg 380w, https:\/\/www.peek-und-cloppenburg.de\/de\/wp-content\/uploads\/sites\/7\/2022\/03\/Lucille_service-Teaser-1-300x201.jpg 300w\" sizes=\"(max-width: 380px) 100vw, 380px\" \/><\/a><\/div><div class=\"cta-teaser__text\"><h3>Kontakt<\/h3><p>Du hast Fragen zum Jobeinstieg bei Peek&amp;Cloppenburg*? Dann melde Dich direkt bei Lucille: +49 40 33967-378<\/p><a class=\"button\" href=\"https:\/\/www.peek-und-cloppenburg.de\/de\/karriere\/kontakt\/\" target=\"_self\" rel=\"\" style=\"\">E-Mail an Lucille<\/a><\/div><\/div>[\/vc_column_inner][vc_column_inner width=&#8220;1\/3&#8243;]<div class=\"vg-element cta-teaser cta-teaser--center\" data-aos=\"fade-up\"><div class=\"cta-teaser__image\"><a class=\"\" href=\"https:\/\/www.peek-und-cloppenburg.de\/de\/karriere\/wir\/benefits\/\" target=\"_self\" rel=\"\" style=\"\"><img loading=\"lazy\" decoding=\"async\" width=\"380\" height=\"254\" src=\"https:\/\/www.peek-und-cloppenburg.de\/de\/wp-content\/uploads\/sites\/7\/2021\/05\/M7_B_Wir_Headerbild_Gruppe_042.jpg\" class=\"vc_single_image-img attachment-full\" alt=\"Eine Frau in einem gemusterten Kleid formt mit ihren H\u00e4nden ein Herz vor ihrem Gesicht.\" title=\"Benefits Peek und Cloppenburg Hamburg\" srcset=\"https:\/\/www.peek-und-cloppenburg.de\/de\/wp-content\/uploads\/sites\/7\/2021\/05\/M7_B_Wir_Headerbild_Gruppe_042.jpg 380w, https:\/\/www.peek-und-cloppenburg.de\/de\/wp-content\/uploads\/sites\/7\/2021\/05\/M7_B_Wir_Headerbild_Gruppe_042-300x201.jpg 300w\" sizes=\"(max-width: 380px) 100vw, 380px\" \/><\/a><\/div><div class=\"cta-teaser__text\"><h3>Benefits<\/h3><p>Schon entdeckt, von welchen Benefits Du profitieren kannst? Erfahre mehr zu Deinen Vorteilen bei uns.<\/p><a class=\"button\" href=\"https:\/\/www.peek-und-cloppenburg.de\/de\/karriere\/wir\/benefits\/\" target=\"_self\" rel=\"\" style=\"\">Zu den Benefits<\/a><\/div><\/div>[\/vc_column_inner][\/vc_row_inner][\/vc_column][\/vc_row]<\/div>","protected":false},"excerpt":{"rendered":"[vc_row bwd_tbc4vd_show_weekday=&#8220;&#8220; full_width=&#8220;stretch_row_content_no_spaces&#8220;][vc_column][vc_column_text] Dein Herz schl\u00e4gt f\u00fcr den station\u00e4ren Einzelhandel und Du m\u00f6chtest in Zukunft mit Deiner Leidenschaft ein Team f\u00fchren und begeistern? Dann steig bei uns als Junior Abteilungsleiter:in Verkauf ein. Am Beginn Deiner Karriere begleiten wir Dich fachlich und pers\u00f6nlich in Deiner weiteren Entwicklung bei Peek&amp;Cloppenburg*. [\/vc_column_text][vc_column_text] Erfahrungen sammeln und eigenverantwortlich handeln als [&hellip;]","protected":false},"author":6,"featured_media":0,"parent":1574,"menu_order":0,"comment_status":"closed","ping_status":"closed","template":"","meta":{"_acf_changed":false,"inline_featured_image":false,"footnotes":""},"class_list":["post-1598","page","type-page","status-publish","hentry"],"acf":[],"yoast_head":"<!-- This site is optimized with the Yoast SEO plugin v27.2 - https:\/\/yoast.com\/product\/yoast-seo-wordpress\/ -->\n<title>Junior-Abteilungsleiter:in im Verkauf | Peek&amp;Cloppenburg Hamburg<\/title>\n<meta name=\"description\" content=\"Du m\u00f6chtest F\u00fchrungsverantwortung \u00fcbernehmen und zuk\u00fcnftig ein Team f\u00fchren? Dann bewirb Dich jetzt als Junior-Abteilungsleiter:in im Verkauf!\" \/>\n<meta name=\"robots\" content=\"index, follow, max-snippet:-1, max-image-preview:large, max-video-preview:-1\" \/>\n<link rel=\"canonical\" href=\"https:\/\/www.peek-und-cloppenburg.de\/de\/karriere\/berufserfahrene\/junior-abteilungsleiter\/\" \/>\n<meta property=\"og:locale\" content=\"de_DE\" \/>\n<meta property=\"og:type\" content=\"article\" \/>\n<meta property=\"og:title\" content=\"Junior-Abteilungsleiter:in im Verkauf | Peek&amp;Cloppenburg Hamburg\" \/>\n<meta property=\"og:description\" content=\"Du m\u00f6chtest F\u00fchrungsverantwortung \u00fcbernehmen und zuk\u00fcnftig ein Team f\u00fchren? Dann bewirb Dich jetzt als Junior-Abteilungsleiter:in im Verkauf!\" \/>\n<meta property=\"og:url\" content=\"https:\/\/www.peek-und-cloppenburg.de\/de\/karriere\/berufserfahrene\/junior-abteilungsleiter\/\" \/>\n<meta property=\"og:site_name\" content=\"Peek&amp;Cloppenburg Deutschland\" \/>\n<meta property=\"article:publisher\" content=\"https:\/\/de-de.facebook.com\/peekundcloppenburg\/\" \/>\n<meta property=\"article:modified_time\" content=\"2026-02-24T17:34:47+00:00\" \/>\n<meta name=\"twitter:card\" content=\"summary_large_image\" \/>\n<meta name=\"twitter:label1\" content=\"Gesch\u00e4tzte Lesezeit\" \/>\n\t<meta name=\"twitter:data1\" content=\"4\u00a0Minuten\" \/>\n<script type=\"application\/ld+json\" class=\"yoast-schema-graph\">{\"@context\":\"https:\/\/schema.org\",\"@graph\":[{\"@type\":\"WebPage\",\"@id\":\"https:\/\/www.peek-und-cloppenburg.de\/de\/karriere\/berufserfahrene\/junior-abteilungsleiter\/\",\"url\":\"https:\/\/www.peek-und-cloppenburg.de\/de\/karriere\/berufserfahrene\/junior-abteilungsleiter\/\",\"name\":\"Junior-Abteilungsleiter:in im Verkauf | Peek&Cloppenburg Hamburg\",\"isPartOf\":{\"@id\":\"https:\/\/www.peek-und-cloppenburg.de\/de\/#website\"},\"datePublished\":\"2022-01-24T12:15:20+00:00\",\"dateModified\":\"2026-02-24T17:34:47+00:00\",\"description\":\"Du m\u00f6chtest F\u00fchrungsverantwortung \u00fcbernehmen und zuk\u00fcnftig ein Team f\u00fchren? Dann bewirb Dich jetzt als Junior-Abteilungsleiter:in im Verkauf!\",\"breadcrumb\":{\"@id\":\"https:\/\/www.peek-und-cloppenburg.de\/de\/karriere\/berufserfahrene\/junior-abteilungsleiter\/#breadcrumb\"},\"inLanguage\":\"de\",\"potentialAction\":[{\"@type\":\"ReadAction\",\"target\":[\"https:\/\/www.peek-und-cloppenburg.de\/de\/karriere\/berufserfahrene\/junior-abteilungsleiter\/\"]}]},{\"@type\":\"BreadcrumbList\",\"@id\":\"https:\/\/www.peek-und-cloppenburg.de\/de\/karriere\/berufserfahrene\/junior-abteilungsleiter\/#breadcrumb\",\"itemListElement\":[{\"@type\":\"ListItem\",\"position\":1,\"name\":\"Startseite\",\"item\":\"https:\/\/www.peek-und-cloppenburg.de\/de\/\"},{\"@type\":\"ListItem\",\"position\":2,\"name\":\"Karriere\",\"item\":\"https:\/\/www.peek-und-cloppenburg.de\/de\/karriere\/\"},{\"@type\":\"ListItem\",\"position\":3,\"name\":\"Berufserfahrene\",\"item\":\"https:\/\/www.peek-und-cloppenburg.de\/de\/karriere\/berufserfahrene\/\"},{\"@type\":\"ListItem\",\"position\":4,\"name\":\"Junior Abteilungsleitung\"}]},{\"@type\":\"WebSite\",\"@id\":\"https:\/\/www.peek-und-cloppenburg.de\/de\/#website\",\"url\":\"https:\/\/www.peek-und-cloppenburg.de\/de\/\",\"name\":\"Peek&Cloppenburg KG Hamburg\",\"description\":\"Peek&amp;Cloppenburg KG Hamburg\",\"publisher\":{\"@id\":\"https:\/\/www.peek-und-cloppenburg.de\/de\/#organization\"},\"potentialAction\":[{\"@type\":\"SearchAction\",\"target\":{\"@type\":\"EntryPoint\",\"urlTemplate\":\"https:\/\/www.peek-und-cloppenburg.de\/de\/?s={search_term_string}\"},\"query-input\":{\"@type\":\"PropertyValueSpecification\",\"valueRequired\":true,\"valueName\":\"search_term_string\"}}],\"inLanguage\":\"de\"},{\"@type\":\"Organization\",\"@id\":\"https:\/\/www.peek-und-cloppenburg.de\/de\/#organization\",\"name\":\"Peek&Cloppenburg KG Hamburg\",\"url\":\"https:\/\/www.peek-und-cloppenburg.de\/de\/\",\"logo\":{\"@type\":\"ImageObject\",\"inLanguage\":\"de\",\"@id\":\"https:\/\/www.peek-und-cloppenburg.de\/de\/#\/schema\/logo\/image\/\",\"url\":\"https:\/\/www.peek-und-cloppenburg.de\/de\/wp-content\/uploads\/sites\/7\/2020\/02\/logo_pc.svg\",\"contentUrl\":\"https:\/\/www.peek-und-cloppenburg.de\/de\/wp-content\/uploads\/sites\/7\/2020\/02\/logo_pc.svg\",\"width\":\"1024\",\"height\":\"1024\",\"caption\":\"Peek&Cloppenburg KG Hamburg\"},\"image\":{\"@id\":\"https:\/\/www.peek-und-cloppenburg.de\/de\/#\/schema\/logo\/image\/\"},\"sameAs\":[\"https:\/\/de-de.facebook.com\/peekundcloppenburg\/\",\"https:\/\/www.instagram.com\/vangraaf_de\/\",\"https:\/\/www.youtube.com\/channel\/UCPdkk0FSUkdWYlzYtJpiUuw\",\"https:\/\/www.snapchat.com\/add\/Pundckarriere\"]}]}<\/script>\n<!-- \/ Yoast SEO plugin. -->","yoast_head_json":{"title":"Junior-Abteilungsleiter:in im Verkauf | Peek&Cloppenburg Hamburg","description":"Du m\u00f6chtest F\u00fchrungsverantwortung \u00fcbernehmen und zuk\u00fcnftig ein Team f\u00fchren? Dann bewirb Dich jetzt als Junior-Abteilungsleiter:in im Verkauf!","robots":{"index":"index","follow":"follow","max-snippet":"max-snippet:-1","max-image-preview":"max-image-preview:large","max-video-preview":"max-video-preview:-1"},"canonical":"https:\/\/www.peek-und-cloppenburg.de\/de\/karriere\/berufserfahrene\/junior-abteilungsleiter\/","og_locale":"de_DE","og_type":"article","og_title":"Junior-Abteilungsleiter:in im Verkauf | Peek&Cloppenburg Hamburg","og_description":"Du m\u00f6chtest F\u00fchrungsverantwortung \u00fcbernehmen und zuk\u00fcnftig ein Team f\u00fchren? Dann bewirb Dich jetzt als Junior-Abteilungsleiter:in im Verkauf!","og_url":"https:\/\/www.peek-und-cloppenburg.de\/de\/karriere\/berufserfahrene\/junior-abteilungsleiter\/","og_site_name":"Peek&amp;Cloppenburg Deutschland","article_publisher":"https:\/\/de-de.facebook.com\/peekundcloppenburg\/","article_modified_time":"2026-02-24T17:34:47+00:00","twitter_card":"summary_large_image","twitter_misc":{"Gesch\u00e4tzte Lesezeit":"4\u00a0Minuten"},"schema":{"@context":"https:\/\/schema.org","@graph":[{"@type":"WebPage","@id":"https:\/\/www.peek-und-cloppenburg.de\/de\/karriere\/berufserfahrene\/junior-abteilungsleiter\/","url":"https:\/\/www.peek-und-cloppenburg.de\/de\/karriere\/berufserfahrene\/junior-abteilungsleiter\/","name":"Junior-Abteilungsleiter:in im Verkauf | Peek&Cloppenburg Hamburg","isPartOf":{"@id":"https:\/\/www.peek-und-cloppenburg.de\/de\/#website"},"datePublished":"2022-01-24T12:15:20+00:00","dateModified":"2026-02-24T17:34:47+00:00","description":"Du m\u00f6chtest F\u00fchrungsverantwortung \u00fcbernehmen und zuk\u00fcnftig ein Team f\u00fchren? Dann bewirb Dich jetzt als Junior-Abteilungsleiter:in im Verkauf!","breadcrumb":{"@id":"https:\/\/www.peek-und-cloppenburg.de\/de\/karriere\/berufserfahrene\/junior-abteilungsleiter\/#breadcrumb"},"inLanguage":"de","potentialAction":[{"@type":"ReadAction","target":["https:\/\/www.peek-und-cloppenburg.de\/de\/karriere\/berufserfahrene\/junior-abteilungsleiter\/"]}]},{"@type":"BreadcrumbList","@id":"https:\/\/www.peek-und-cloppenburg.de\/de\/karriere\/berufserfahrene\/junior-abteilungsleiter\/#breadcrumb","itemListElement":[{"@type":"ListItem","position":1,"name":"Startseite","item":"https:\/\/www.peek-und-cloppenburg.de\/de\/"},{"@type":"ListItem","position":2,"name":"Karriere","item":"https:\/\/www.peek-und-cloppenburg.de\/de\/karriere\/"},{"@type":"ListItem","position":3,"name":"Berufserfahrene","item":"https:\/\/www.peek-und-cloppenburg.de\/de\/karriere\/berufserfahrene\/"},{"@type":"ListItem","position":4,"name":"Junior Abteilungsleitung"}]},{"@type":"WebSite","@id":"https:\/\/www.peek-und-cloppenburg.de\/de\/#website","url":"https:\/\/www.peek-und-cloppenburg.de\/de\/","name":"Peek&Cloppenburg KG Hamburg","description":"Peek&amp;Cloppenburg KG Hamburg","publisher":{"@id":"https:\/\/www.peek-und-cloppenburg.de\/de\/#organization"},"potentialAction":[{"@type":"SearchAction","target":{"@type":"EntryPoint","urlTemplate":"https:\/\/www.peek-und-cloppenburg.de\/de\/?s={search_term_string}"},"query-input":{"@type":"PropertyValueSpecification","valueRequired":true,"valueName":"search_term_string"}}],"inLanguage":"de"},{"@type":"Organization","@id":"https:\/\/www.peek-und-cloppenburg.de\/de\/#organization","name":"Peek&Cloppenburg KG Hamburg","url":"https:\/\/www.peek-und-cloppenburg.de\/de\/","logo":{"@type":"ImageObject","inLanguage":"de","@id":"https:\/\/www.peek-und-cloppenburg.de\/de\/#\/schema\/logo\/image\/","url":"https:\/\/www.peek-und-cloppenburg.de\/de\/wp-content\/uploads\/sites\/7\/2020\/02\/logo_pc.svg","contentUrl":"https:\/\/www.peek-und-cloppenburg.de\/de\/wp-content\/uploads\/sites\/7\/2020\/02\/logo_pc.svg","width":"1024","height":"1024","caption":"Peek&Cloppenburg KG Hamburg"},"image":{"@id":"https:\/\/www.peek-und-cloppenburg.de\/de\/#\/schema\/logo\/image\/"},"sameAs":["https:\/\/de-de.facebook.com\/peekundcloppenburg\/","https:\/\/www.instagram.com\/vangraaf_de\/","https:\/\/www.youtube.com\/channel\/UCPdkk0FSUkdWYlzYtJpiUuw","https:\/\/www.snapchat.com\/add\/Pundckarriere"]}]}},"_links":{"self":[{"href":"https:\/\/www.peek-und-cloppenburg.de\/de\/wp-json\/wp\/v2\/pages\/1598","targetHints":{"allow":["GET"]}}],"collection":[{"href":"https:\/\/www.peek-und-cloppenburg.de\/de\/wp-json\/wp\/v2\/pages"}],"about":[{"href":"https:\/\/www.peek-und-cloppenburg.de\/de\/wp-json\/wp\/v2\/types\/page"}],"author":[{"embeddable":true,"href":"https:\/\/www.peek-und-cloppenburg.de\/de\/wp-json\/wp\/v2\/users\/6"}],"replies":[{"embeddable":true,"href":"https:\/\/www.peek-und-cloppenburg.de\/de\/wp-json\/wp\/v2\/comments?post=1598"}],"version-history":[{"count":25,"href":"https:\/\/www.peek-und-cloppenburg.de\/de\/wp-json\/wp\/v2\/pages\/1598\/revisions"}],"predecessor-version":[{"id":12356,"href":"https:\/\/www.peek-und-cloppenburg.de\/de\/wp-json\/wp\/v2\/pages\/1598\/revisions\/12356"}],"up":[{"embeddable":true,"href":"https:\/\/www.peek-und-cloppenburg.de\/de\/wp-json\/wp\/v2\/pages\/1574"}],"wp:attachment":[{"href":"https:\/\/www.peek-und-cloppenburg.de\/de\/wp-json\/wp\/v2\/media?parent=1598"}],"curies":[{"name":"wp","href":"https:\/\/api.w.org\/{rel}","templated":true}]}}