{"id":1580,"date":"2022-01-24T13:10:32","date_gmt":"2022-01-24T12:10:32","guid":{"rendered":"https:\/\/www.peek-und-cloppenburg.de\/de\/?page_id=1580"},"modified":"2026-02-24T17:51:20","modified_gmt":"2026-02-24T16:51:20","slug":"ausbildung","status":"publish","type":"page","link":"https:\/\/www.peek-und-cloppenburg.de\/de\/karriere\/schueler\/ausbildung\/","title":{"rendered":"Ausbildung"},"content":{"rendered":"<div class=\"wpb-content-wrapper\">[vc_row bwd_tbc4vd_show_weekday=&#8220;&#8220; full_width=&#8220;stretch_row_content_no_spaces&#8220;][vc_column]<div class=\"keyvisual\" data-aos=\"fade-up\" ><img loading=\"lazy\" decoding=\"async\" width=\"1440\" height=\"480\" src=\"https:\/\/www.peek-und-cloppenburg.de\/de\/wp-content\/uploads\/sites\/7\/2022\/02\/M3_F_Schueler_016.jpg\" class=\"vc_single_image-img\" alt=\"Eine Gruppe von drei l\u00e4chelnden Personen, zwei Frauen und ein Mann, posiert vor einem dunkelblauen Hintergrund.\" srcset=\"https:\/\/www.peek-und-cloppenburg.de\/de\/wp-content\/uploads\/sites\/7\/2022\/02\/M3_F_Schueler_016.jpg 1440w, https:\/\/www.peek-und-cloppenburg.de\/de\/wp-content\/uploads\/sites\/7\/2022\/02\/M3_F_Schueler_016-300x100.jpg 300w, https:\/\/www.peek-und-cloppenburg.de\/de\/wp-content\/uploads\/sites\/7\/2022\/02\/M3_F_Schueler_016-1024x341.jpg 1024w, https:\/\/www.peek-und-cloppenburg.de\/de\/wp-content\/uploads\/sites\/7\/2022\/02\/M3_F_Schueler_016-768x256.jpg 768w, https:\/\/www.peek-und-cloppenburg.de\/de\/wp-content\/uploads\/sites\/7\/2022\/02\/M3_F_Schueler_016-1200x400.jpg 1200w, https:\/\/www.peek-und-cloppenburg.de\/de\/wp-content\/uploads\/sites\/7\/2022\/02\/M3_F_Schueler_016-992x331.jpg 992w, https:\/\/www.peek-und-cloppenburg.de\/de\/wp-content\/uploads\/sites\/7\/2022\/02\/M3_F_Schueler_016-480x160.jpg 480w, https:\/\/www.peek-und-cloppenburg.de\/de\/wp-content\/uploads\/sites\/7\/2022\/02\/M3_F_Schueler_016-690x230.jpg 690w\" sizes=\"(max-width: 1440px) 100vw, 1440px\" \/><\/div>\n        <div class=\"headlines headlines--center\" data-aos=\"fade-up\">\n            <div class=\"vc_row\">\n                <div class=\"vc_col-md-10 vc_col-md-offset-1 vc_col-lg-10 vc_col-lg-offset-1\"><span class=\"h6\">Ausbildung bei Peek&amp;Cloppenburg*<\/span><h1 class=\"h2\">Dein Weg beginnt bei uns<\/h1><\/div>\n            <\/div>\n        <\/div>[vc_column_text]\r\n<p style=\"text-align: center\">Du liebst Mode und suchst eine Ausbildung im Einzelhandel, um nach Deinem Schulabschluss direkt durchzustarten? Bei Peek&amp;Cloppenburg* bist Du von Anfang an mittendrin! Lerne, wie der Mode-Einzelhandel funktioniert \u2013 egal ob im Store oder in der Zentrale. In Deiner zwei- bis dreij\u00e4hrigen Ausbildung sammelst Du wertvolle Erfahrungen, \u00fcbernimmst Verantwortung und entwickelst Dich Schritt f\u00fcr Schritt weiter. Bewirb Dich jetzt und starte Deine Karriere im Fashion Retail<\/p>\r\n<p style=\"text-align: center\"><a class=\"button\" href=\"https:\/\/www.peek-und-cloppenburg.de\/de\/karriere\/jobs\/stellenangebote\/\">Werde Teil der P&amp;C* Familie<\/a><\/p>\r\n[\/vc_column_text][vc_column_text]\r\n<h3>Mehr als nur eine Ausbildung &#8211; diese Vorteile warten bei P&amp;C* auf Dich:<\/h3>\r\n<ul>\r\n \t<li><strong>Klare Struktur f\u00fcr Deine Ausbildung<\/strong>: Bei uns wei\u00dft Du genau, was Dich erwartet! Durch unser strukturiertes Ausbildungskonzept kannst Du dich bestens orientieren.<\/li>\r\n \t<li><strong>Kein Platz f\u00fcr Langeweile<\/strong>: Du durchl\u00e4ufst verschiedene Stationen, sammelst wertvolle Erfahrungen und lernst so, wie der internationale Mode-Einzelhandel funktioniert.<\/li>\r\n \t<li><strong>Weiterbildung, die Dich wirklich f\u00f6rdert:<\/strong> Durch spannende und gewinnbringende Seminare und Workshops vertiefst Du Dein fachliches Wissen aus der Berufsschule, trainierst smarte Lernmethoden und bereitest Dich optimal auf Deine Karriere vor!<\/li>\r\n \t<li><strong>Echter Teamspirit &amp; flache Strukturen<\/strong>: <span class=\"NormalTextRun CommentHighlightRest SCXW220288989 BCX0\">Bei uns bist Du\u00a0<\/span><span class=\"NormalTextRun CommentHighlightRest SCXW220288989 BCX0\">nicht nur\u00a0<\/span><span class=\"NormalTextRun CommentStart CommentHighlightPipeRest CommentHighlightRest SCXW220288989 BCX0\">Azubi<\/span><span class=\"NormalTextRun CommentHighlightPipeRest CommentHighlightRest SCXW220288989 BCX0\">, sondern ein\u00a0<\/span><span class=\"NormalTextRun CommentHighlightRest SCXW220288989 BCX0\">vollwertiges<\/span><span class=\"NormalTextRun CommentHighlightRest SCXW220288989 BCX0\">\u00a0Teammitglied. Wir<\/span><span class=\"NormalTextRun CommentHighlightRest SCXW220288989 BCX0\">\u00a0teilen die Leidenschaft f\u00fcr Mode und Menschen,<\/span><span class=\"NormalTextRun CommentHighlightRest SCXW220288989 BCX0\"> arbeiten direkt zusammen, tauschen uns offen aus und gestalten gemeinsam die Zukunft. Deine Ideen sind gefragt!<\/span><\/li>\r\n \t<li><strong>Pers\u00f6nliche Begleitung<\/strong>: Wir unterst\u00fctzen Dich. Unser erfahrenes Ausbildungsteam steht Dir mit Rat und Tat zur Seite, f\u00f6rdert Dich individuell und hilft Dir, das Beste aus Deiner Ausbildung herauszuholen.<\/li>\r\n \t<li><strong>Deine Benefits<\/strong>: Profitiere von Benefits, die Deinen Arbeitsalltag angenehm machen und daf\u00fcr sorgen, dass Du Dich bei uns richtig wohlf\u00fchlst!<\/li>\r\n<\/ul>\r\nHaben wir Dich neugierig gemacht? Dann bewirb Dich direkt online f\u00fcr Deine Traum-Ausbildung in Hamburg oder an einem unserer vielen Standorte. Ausbildungsstart ist bei uns der 01. August, also hast Du bis zum 31. Juli Zeit, Dich bei uns zu bewerben. Schau Dir unsere an und erfahre alles \u00fcber den Bewerbungsprozess bei P&amp;C*.\r\n<p style=\"text-align: center\"><a class=\"button button--primary\" href=\"https:\/\/www.peek-und-cloppenburg.de\/de\/karriere\/jobs\/stellenangebote\/\">Jetzt bewerben<\/a><\/p>\r\n[\/vc_column_text][\/vc_column][\/vc_row][vc_row bwd_tbc4vd_show_weekday=&#8220;&#8220; el_id=&#8220;Ausbildungen Stores&#8220;][vc_column]<div class=\"button-link-list button-link-list--dark\" style=\"--season-color: #ededed\" data-aos=\"fade-up\"><div class=\"button-link-list__inner\">\n                        <div class=\"content_wrap\"><div class=\"button-link-list__intro button-link-list__intro--left\"><div class=\"vc_row vc_row-flex\"><div class=\"vc_col-xs-12 vc_col-sm-6\"><div class=\"button-link-list__intro__image-wrap\"><a class=\"\" href=\"https:\/\/www.peek-und-cloppenburg.de\/de\/karriere\/jobs\/fachbereiche\/stores\/\" target=\"_self\" rel=\"\" style=\"\"><img loading=\"lazy\" decoding=\"async\" width=\"544\" height=\"711\" src=\"https:\/\/www.peek-und-cloppenburg.de\/de\/wp-content\/uploads\/sites\/7\/2026\/02\/SEOKarriere_Store-Kiel_DSF9168_VV.jpg\" class=\"attachment-van-graaf-vice-versa-teaser size-van-graaf-vice-versa-teaser\" alt=\"Innenansicht eines modernen Bekleidungsgesch\u00e4fts mit Schaufensterpuppen, die stilvolle Outfits pr\u00e4sentieren, umgeben von Regalen mit gefalteten Kleidungsst\u00fccken und einer Galerie im oberen Stockwerk.\" srcset=\"https:\/\/www.peek-und-cloppenburg.de\/de\/wp-content\/uploads\/sites\/7\/2026\/02\/SEOKarriere_Store-Kiel_DSF9168_VV.jpg 544w, https:\/\/www.peek-und-cloppenburg.de\/de\/wp-content\/uploads\/sites\/7\/2026\/02\/SEOKarriere_Store-Kiel_DSF9168_VV-230x300.jpg 230w, https:\/\/www.peek-und-cloppenburg.de\/de\/wp-content\/uploads\/sites\/7\/2026\/02\/SEOKarriere_Store-Kiel_DSF9168_VV-480x627.jpg 480w\" sizes=\"(max-width: 544px) 100vw, 544px\" \/><\/a><\/div><\/div><div class=\"button-link-list__intro__content-wrap vc_col-xs-12 vc_col-sm-6 vc_col-md-4 vc_col-md-offset-1\"><div class=\"button-link-list__intro__content\"><h3>Ausbildungspl\u00e4tze in unseren Stores<\/h3><p>Du liebst Fashion, hast ein Gesp\u00fcr f\u00fcr Trends und kannst gut auf Menschen zugehen? Perfekt! Wenn Du au\u00dferdem kreativ bist, mit Freude anpackst und gern im Team arbeitest, dann ist eine Ausbildung in unseren Stores genau das richtige f\u00fcr Dich! Ob im Verkauf, im visuellen Marketing oder in der Inhouse-Logistik \u2013 bei uns kannst Du Dein Talent entfalten.<\/p>\n<a class=\"button button--dark\" href=\"https:\/\/www.peek-und-cloppenburg.de\/de\/karriere\/jobs\/fachbereiche\/stores\/\" target=\"_self\" rel=\"\" style=\"\">Ausbildung in den Stores<\/a><\/div><\/div><\/div><\/div><div class=\"button-link-list__list\"><div class=\"vc_row vc_row-flex\"><div class=\"vc_col-xs-12 vc_col-sm-6\"><h3 class=\"button-link-list__list__headline\"><\/h3><\/div><div class=\"vc_col-xs-12 vc_col-sm-6 vc_col-md-4 vc_col-md-offset-1\"><div class=\"button-link-list__list__items\"><ul><li class=\"button-link-list__list__items__item\"><a class=\"button button--primary button--arrow\" href=\"https:\/\/www.peek-und-cloppenburg.de\/de\/karriere\/schueler\/ausbildung\/kaufmann-im-einzelhandel-mwd\/\" target=\"_self\" rel=\"\" style=\"\">Einzelhandelskaufmann oder -kauffrau<\/a><\/li><li class=\"button-link-list__list__items__item\"><a class=\"button button--primary button--arrow\" href=\"https:\/\/www.peek-und-cloppenburg.de\/de\/karriere\/schueler\/ausbildung\/verkaeufer-mwd\/\" target=\"_self\" rel=\"\" style=\"\">Verk\u00e4ufer:innen<\/a><\/li><li class=\"button-link-list__list__items__item\"><a class=\"button button--primary button--arrow\" href=\"https:\/\/www.peek-und-cloppenburg.de\/de\/karriere\/schueler\/ausbildung\/gestalter-fuer-visuelles-marketing-mwd\/\" target=\"_self\" rel=\"\" style=\"\">Gestaler:in f\u00fcr Visuelles Marketing<\/a><\/li><li class=\"button-link-list__list__items__item\"><a class=\"button button--primary button--arrow\" href=\"https:\/\/www.peek-und-cloppenburg.de\/de\/karriere\/jobs\/stellenangebote\/stellenangebot.html?yid=5891\" target=\"_self\" rel=\"\" style=\"\">Fortbildung zum Fachwirt f\u00fcr Vertrieb im EZH<\/a><\/li><\/ul><\/div><\/div><\/div><\/div><\/div><\/div><\/div>[\/vc_column][\/vc_row][vc_row bwd_tbc4vd_show_weekday=&#8220;&#8220; el_id=&#8220;Ausbildungen Logistik&#8220;][vc_column]<div class=\"button-link-list button-link-list--dark\" style=\"--season-color: #ededed\" data-aos=\"fade-up\"><div class=\"button-link-list__inner\">\n                        <div class=\"content_wrap\"><div class=\"button-link-list__intro button-link-list__intro--left\"><div class=\"vc_row vc_row-flex\"><div class=\"vc_col-xs-12 vc_col-sm-6\"><div class=\"button-link-list__intro__image-wrap\"><a class=\"\" href=\"https:\/\/www.peek-und-cloppenburg.de\/de\/karriere\/jobs\/fachbereiche\/logistik-reinbek\/\" target=\"_self\" rel=\"\" style=\"\"><img loading=\"lazy\" decoding=\"async\" width=\"544\" height=\"711\" src=\"https:\/\/www.peek-und-cloppenburg.de\/de\/wp-content\/uploads\/sites\/7\/2026\/02\/Reinbek_Logistikcenter_ViceVersa_WP.jpg\" class=\"attachment-van-graaf-vice-versa-teaser size-van-graaf-vice-versa-teaser\" alt=\"Luftaufnahme eines gro\u00dfen Lagerhauses mit mehreren Laderampen und geparkten Anh\u00e4ngern auf dem Parkplatz vor dem Geb\u00e4ude.\" srcset=\"https:\/\/www.peek-und-cloppenburg.de\/de\/wp-content\/uploads\/sites\/7\/2026\/02\/Reinbek_Logistikcenter_ViceVersa_WP.jpg 544w, https:\/\/www.peek-und-cloppenburg.de\/de\/wp-content\/uploads\/sites\/7\/2026\/02\/Reinbek_Logistikcenter_ViceVersa_WP-230x300.jpg 230w, https:\/\/www.peek-und-cloppenburg.de\/de\/wp-content\/uploads\/sites\/7\/2026\/02\/Reinbek_Logistikcenter_ViceVersa_WP-480x627.jpg 480w\" sizes=\"(max-width: 544px) 100vw, 544px\" \/><\/a><\/div><\/div><div class=\"button-link-list__intro__content-wrap vc_col-xs-12 vc_col-sm-6 vc_col-md-4 vc_col-md-offset-1\"><div class=\"button-link-list__intro__content\"><h3>Ausbildungspl\u00e4tze im Distributionscenter in der Logistik<\/h3><p>Du packst gerne mit an, magst geregelte Abl\u00e4ufe und m\u00f6chtest die Logistik der Zukunft kennenlernen? Dann ist eine Ausbildung in unserer Zentrallogistik genau das richtige f\u00fcr Dich! Hier arbeitest Du an modernsten Systemen und lernst verschiedene Bereiche unserer automatisierten Logistik kennen. So sorgst Du daf\u00fcr, dass unsere Ware zur richtigen Zeit am richtigen Ort ist \u2013 ein wesentlichen Beitrag f\u00fcr unseren Erfolg.<\/p>\n<a class=\"button button--dark\" href=\"https:\/\/www.peek-und-cloppenburg.de\/de\/karriere\/jobs\/fachbereiche\/logistik-reinbek\/\" target=\"_self\" rel=\"\" style=\"\">Ausbildung in der Logistik<\/a><\/div><\/div><\/div><\/div><div class=\"button-link-list__list\"><div class=\"vc_row vc_row-flex\"><div class=\"vc_col-xs-12 vc_col-sm-6\"><h3 class=\"button-link-list__list__headline\"><\/h3><\/div><div class=\"vc_col-xs-12 vc_col-sm-6 vc_col-md-4 vc_col-md-offset-1\"><div class=\"button-link-list__list__items\"><ul><li class=\"button-link-list__list__items__item\"><a class=\"button button--primary button--arrow\" href=\"https:\/\/www.peek-und-cloppenburg.de\/de\/karriere\/schueler\/ausbildung\/fachlagerist-mwd\/\" target=\"_self\" rel=\"\" style=\"\">Fachlagerist:in<\/a><\/li><\/ul><\/div><\/div><\/div><\/div><\/div><\/div><\/div>[\/vc_column][\/vc_row][vc_row bwd_tbc4vd_show_weekday=&#8220;&#8220; el_id=&#8220;Ausbildungen Zentrale&#8220;][vc_column]<div class=\"button-link-list button-link-list--dark\" style=\"--season-color: #ededed\" data-aos=\"fade-up\"><div class=\"button-link-list__inner\">\n                        <div class=\"content_wrap\"><div class=\"button-link-list__intro button-link-list__intro--right\"><div class=\"vc_row vc_row-flex\"><div class=\"vc_col-xs-12 vc_col-sm-6 vc_col-sm-push-6\"><div class=\"button-link-list__intro__image-wrap\"><a class=\"\" href=\"https:\/\/www.peek-und-cloppenburg.de\/de\/karriere\/jobs\/fachbereiche\/zentrale-hamburg\/\" target=\"_self\" rel=\"\" style=\"\"><img loading=\"lazy\" decoding=\"async\" width=\"300\" height=\"300\" src=\"https:\/\/www.peek-und-cloppenburg.de\/de\/wp-content\/uploads\/sites\/7\/2020\/12\/Unternehmen_Startseite_Unternehmensgruppe_WP.jpg\" class=\"attachment-van-graaf-vice-versa-teaser size-van-graaf-vice-versa-teaser\" alt=\"Schwarz-Wei\u00df-Zeichnung eines gro\u00dfen, mehrst\u00f6ckigen Geb\u00e4udes an einer Stra\u00dfenecke mit Schaufenstern im Erdgeschoss.\" srcset=\"https:\/\/www.peek-und-cloppenburg.de\/de\/wp-content\/uploads\/sites\/7\/2020\/12\/Unternehmen_Startseite_Unternehmensgruppe_WP.jpg 300w, https:\/\/www.peek-und-cloppenburg.de\/de\/wp-content\/uploads\/sites\/7\/2020\/12\/Unternehmen_Startseite_Unternehmensgruppe_WP-150x150.jpg 150w\" sizes=\"(max-width: 300px) 100vw, 300px\" \/><\/a><\/div><\/div><div class=\"button-link-list__intro__content-wrap vc_col-xs-12 vc_col-sm-6 vc_col-md-4 vc_col-md-offset-1 vc_col-sm-pull-6\"><div class=\"button-link-list__intro__content\"><h3>Ausbildungspl\u00e4tze in der Zentrale<\/h3><p>Du beh\u00e4ltst gerne den \u00dcberblick und bist begeistert davon, wie reibungslose Prozesse den Erfolg eines Unternehmens ausmachen? Dann bist Du bei uns in der Zentrale von P&amp;C* in der Hamburger Innenstadt genau richtig! Entscheide Dich f\u00fcr eine Ausbildung im Bereich B\u00fcromanagement, IT, E-Commerce oder Personal. In Deiner Ausbildung erh\u00e4ltst Du die Chance, wertvolle Erfahrungen in verschiedenen Teams zu sammeln. Du \u00fcbernimmst eigenverantwortlich Aufgaben und entwickelst Dich gezielt weiter und schaffst damit die Basis f\u00fcr Deinen weiteren beruflichen Weg. Klingt spannend f\u00fcr Dich? Dann werde Teil unseres Teams in der Zentrale und starte mit uns durch!<\/p>\n<a class=\"button button--dark\" href=\"https:\/\/www.peek-und-cloppenburg.de\/de\/karriere\/jobs\/fachbereiche\/zentrale-hamburg\/\" target=\"_self\" rel=\"\" style=\"\">Ausbildung in der Zentrale<\/a><\/div><\/div><\/div><\/div><div class=\"button-link-list__list\"><div class=\"vc_row vc_row-flex\"><div class=\"vc_col-xs-12 vc_col-sm-6\"><h3 class=\"button-link-list__list__headline\"><\/h3><\/div><div class=\"vc_col-xs-12 vc_col-sm-6 vc_col-md-4 vc_col-md-offset-1\"><div class=\"button-link-list__list__items\"><ul><li class=\"button-link-list__list__items__item\"><a class=\"button button--primary button--arrow\" href=\"https:\/\/www.peek-und-cloppenburg.de\/de\/karriere\/schueler\/ausbildung\/personaldienstleistungskaufmann-mwd\/\" target=\"_self\" rel=\"\" style=\"\">Personaldienstleistungskaufmann oder -frau<\/a><\/li><li class=\"button-link-list__list__items__item\"><a class=\"button button--primary button--arrow\" href=\"https:\/\/www.peek-und-cloppenburg.de\/de\/karriere\/schueler\/ausbildung\/kaufmann-fuer-bueromanagement-mwd\/\" target=\"_self\" rel=\"\" style=\"\">Kaufmann oder Kauffrau f\u00fcr B\u00fcromanagement<\/a><\/li><li class=\"button-link-list__list__items__item\"><a class=\"button button--primary button--arrow\" href=\"https:\/\/www.peek-und-cloppenburg.de\/de\/karriere\/schueler\/ausbildung\/fachinformatiker-fuer-systemintegration-w-m-d\/\" target=\"_self\" rel=\"\" style=\"\">Fachinformatiker:in f\u00fcr Systemintegration<\/a><\/li><li class=\"button-link-list__list__items__item\"><a class=\"button button--primary button--arrow\" href=\"https:\/\/www.peek-und-cloppenburg.de\/de\/karriere\/schueler\/ausbildung\/kaufmann-im-e-commerce-mwd\/\" target=\"_self\" rel=\"\" style=\"\">Kaufmann oder Kauffrau im E-Commerce<\/a><\/li><li class=\"button-link-list__list__items__item\"><a class=\"button button--primary button--arrow\" href=\"https:\/\/www.peek-und-cloppenburg.de\/de\/karriere\/schueler\/ausbildung\/fachinformatiker-fuer-anwendungsentwicklung-mwd\/\" target=\"_self\" rel=\"\" style=\"\">Fachinformatiker:in f\u00fcr Anwendungsentwicklung<\/a><\/li><\/ul><\/div><\/div><\/div><\/div><\/div><\/div><\/div>[\/vc_column][\/vc_row][vc_row][vc_column]<div class=\"testimonials\" data-aos=\"fade-up\"><div class=\"testimonials__slider testimonials__slider--v2 js-testimonials-slider-v2\"><div class=\"testimonials__slider__item\"><div class=\"testimonials__slider__item__image testimonials__slider__item__image--left\"><img loading=\"lazy\" decoding=\"async\" width=\"600\" height=\"600\" src=\"https:\/\/www.peek-und-cloppenburg.de\/de\/wp-content\/uploads\/sites\/7\/2026\/02\/PXL_20251120_100445204.MP_-600x600.jpg\" class=\"attachment-van-graaf-popup size-van-graaf-popup\" alt=\"Ein l\u00e4chelnder Mann in einem cremefarbenen Pullover mit schwarzen Streifen richtet eine Krawatte an einer Schaufensterpuppe in einem Ausstellungsraum, die mit einem beigen Jackett und grauer Hose bekleidet ist.\" srcset=\"https:\/\/www.peek-und-cloppenburg.de\/de\/wp-content\/uploads\/sites\/7\/2026\/02\/PXL_20251120_100445204.MP_-600x600.jpg 600w, https:\/\/www.peek-und-cloppenburg.de\/de\/wp-content\/uploads\/sites\/7\/2026\/02\/PXL_20251120_100445204.MP_-150x150.jpg 150w, https:\/\/www.peek-und-cloppenburg.de\/de\/wp-content\/uploads\/sites\/7\/2026\/02\/PXL_20251120_100445204.MP_-280x280.jpg 280w\" sizes=\"(max-width: 600px) 100vw, 600px\" \/><\/div><div class=\"testimonials__slider__item__content\"><cite>Ich habe mich f\u00fcr die Ausbildung als Gestalter f\u00fcr visuelles Marketing bei Peek&Cloppenburg* entschieden, weil ich dort Kreativit\u00e4t und Mode verbinden kann und die Arbeit an den Schaufenstern besonders spannend finde, da man Trends sichtbar macht und den ersten Eindruck des Stores aktiv mitgestaltet.<\/cite><div class=\"testimonials__slider__item__content__author\"><span class=\"testimonials__slider__item__content__author__name\">Jannis<\/span><span class=\"testimonials__slider__item__content__author__additional\">Auszubildender Gestalter f\u00fcr visuelles Marketing<\/span><\/div><\/div><\/div><div class=\"testimonials__slider__item\"><div class=\"testimonials__slider__item__image testimonials__slider__item__image--right\"><img loading=\"lazy\" decoding=\"async\" width=\"600\" height=\"600\" src=\"https:\/\/www.peek-und-cloppenburg.de\/de\/wp-content\/uploads\/sites\/7\/2026\/02\/210613A8-D7AC-4FBA-8F35-A9C39194B054-600x600.jpg\" class=\"attachment-van-graaf-popup size-van-graaf-popup\" alt=\"Eine Person steht l\u00e4chelnd hinter einem Kleiderst\u00e4nder in einem Bekleidungsgesch\u00e4ft. Auf dem St\u00e4nder h\u00e4ngen verschiedene Kleidungsst\u00fccke, darunter gestreifte und leopardengemusterte Oberteile. Ein Schild mit der Aufschrift &#039;Sale&#039; ist sichtbar. Im Hintergrund ist ein Schaufenster mit Stra\u00dfenansicht zu sehen.\" srcset=\"https:\/\/www.peek-und-cloppenburg.de\/de\/wp-content\/uploads\/sites\/7\/2026\/02\/210613A8-D7AC-4FBA-8F35-A9C39194B054-600x600.jpg 600w, https:\/\/www.peek-und-cloppenburg.de\/de\/wp-content\/uploads\/sites\/7\/2026\/02\/210613A8-D7AC-4FBA-8F35-A9C39194B054-150x150.jpg 150w, https:\/\/www.peek-und-cloppenburg.de\/de\/wp-content\/uploads\/sites\/7\/2026\/02\/210613A8-D7AC-4FBA-8F35-A9C39194B054-280x280.jpg 280w\" sizes=\"(max-width: 600px) 100vw, 600px\" \/><\/div><div class=\"testimonials__slider__item__content\"><cite>In meiner Ausbildung habe ich durch das Durchlaufen verschiedener Abteilungen das Wissen erhalten, das ich f\u00fcr eine kompetente Kundenberatung ben\u00f6tige. Bereits nach dem ersten Jahr durfte ich erste F\u00fchrungsaufgaben \u00fcbernehmen, wodurch ich zunehmend selbstbewusster wurde und einen Einblick in die Rolle als Abteilungsleiterin gewinnen konnte.<\/cite><div class=\"testimonials__slider__item__content__author\"><span class=\"testimonials__slider__item__content__author__name\">Marie-Sophie<\/span><span class=\"testimonials__slider__item__content__author__additional\">Fachwirt im Einzelhandel<\/span><\/div><\/div><\/div><div class=\"testimonials__slider__item\"><div class=\"testimonials__slider__item__image testimonials__slider__item__image--left\"><img loading=\"lazy\" decoding=\"async\" width=\"600\" height=\"600\" src=\"https:\/\/www.peek-und-cloppenburg.de\/de\/wp-content\/uploads\/sites\/7\/2026\/02\/Rosa-Bild-600x600.jpg\" class=\"attachment-van-graaf-popup size-van-graaf-popup\" alt=\"Eine Frau in einem gelben Pullover sitzt l\u00e4chelnd an einem Schreibtisch in einem B\u00fcro und arbeitet am Computer. Im Hintergrund sind bunte Wimpel vor einem gro\u00dfen Fenster sichtbar.\" srcset=\"https:\/\/www.peek-und-cloppenburg.de\/de\/wp-content\/uploads\/sites\/7\/2026\/02\/Rosa-Bild-600x600.jpg 600w, https:\/\/www.peek-und-cloppenburg.de\/de\/wp-content\/uploads\/sites\/7\/2026\/02\/Rosa-Bild-150x150.jpg 150w, https:\/\/www.peek-und-cloppenburg.de\/de\/wp-content\/uploads\/sites\/7\/2026\/02\/Rosa-Bild-280x280.jpg 280w\" sizes=\"(max-width: 600px) 100vw, 600px\" \/><\/div><div class=\"testimonials__slider__item__content\"><cite>Ich habe nicht nur F\u00e4higkeiten erworben, sondern auch die St\u00e4rke, Verantwortung zu \u00fcbernehmen. <\/cite><div class=\"testimonials__slider__item__content__author\"><span class=\"testimonials__slider__item__content__author__name\">Rosa<\/span><span class=\"testimonials__slider__item__content__author__additional\">Auszubildende zur B\u00fcrokauffrau in der Zentrale<\/span><\/div><\/div><\/div><div class=\"testimonials__slider__item\"><div class=\"testimonials__slider__item__image testimonials__slider__item__image--right\"><img loading=\"lazy\" decoding=\"async\" width=\"547\" height=\"600\" src=\"https:\/\/www.peek-und-cloppenburg.de\/de\/wp-content\/uploads\/sites\/7\/2026\/02\/PNG-Bild-547x600.png\" class=\"attachment-van-graaf-popup size-van-graaf-popup\" alt=\"Ein junger Mann mit dunklen Haaren und Bart tr\u00e4gt ein kariertes Hemd und ein schwarzes T-Shirt vor einem grauen Hintergrund.\" \/><\/div><div class=\"testimonials__slider__item__content\"><cite>Ich habe meine Ausbildung bei Peek&Cloppenburg* begonnen, weil mich die Abl\u00e4ufe im Lager und die logistischen Prozesse im Einzelhandel interessieren und das Unternehmen f\u00fcr Qualit\u00e4t, Struktur und Teamarbeit steht.<\/cite><div class=\"testimonials__slider__item__content__author\"><span class=\"testimonials__slider__item__content__author__name\">Sayed<\/span><span class=\"testimonials__slider__item__content__author__additional\">Auszubildender zum Fachlageristen<\/span><\/div><\/div><\/div><\/div><\/div>[\/vc_column][\/vc_row][vc_row][vc_column][vc_column_text]\r\n<h2 style=\"text-align: center\">Starte Deine Zukunft bei P&amp;C* Hamburg mit einer Ausbildung in der Modewelt!<\/h2>\r\n<p style=\"text-align: center\">Du hast Interesse an unserem Familienunternehmen und teilst unsere Leidenschaft f\u00fcr Mode und Menschen? Dann werde Teil unseres Teams und erlebe Vertrauen, Verantwortung, Wertsch\u00e4tzung und Teamspirit. Starte Deine Karriere bei Peek und Cloppenburg* &#8211; hier kannst Du Dich entfalten, Deine Ideen einbringen und vom ersten Tag an wachsen.<\/p>\r\n<p style=\"text-align: center\"><a class=\"button\" href=\"https:\/\/www.peek-und-cloppenburg.de\/de\/karriere\/jobs\/stellenangebote\/\">Werde Teil der P&amp;C* Familie<\/a><\/p>\r\n[\/vc_column_text]<div class=\"vg-element contact-persons-teaser\" data-aos=\"fade-up\"><div class=\"vc_row\"><div class=\"vc_col-md-10 vc_col-md-offset-1\"><div class=\"contact-persons-teaser__items vc_row\"><div class=\"contact-persons-teaser__item vc_col-sm-6\"><div class=\"vc_row vc_row-flex\"><div class=\"vc_col-xs-4 contact-persons-teaser__item__image\"><img loading=\"lazy\" decoding=\"async\" width=\"280\" height=\"280\" src=\"https:\/\/www.peek-und-cloppenburg.de\/de\/wp-content\/uploads\/sites\/7\/2023\/02\/Rhena_Grasdiek_Karriere_AP.jpg\" class=\"attachment-van-graaf-small-square-teaser size-van-graaf-small-square-teaser\" alt=\"Eine l\u00e4chelnde junge Frau mit langen braunen Haaren vor einem dunkelblauen Hintergrund.\" srcset=\"https:\/\/www.peek-und-cloppenburg.de\/de\/wp-content\/uploads\/sites\/7\/2023\/02\/Rhena_Grasdiek_Karriere_AP.jpg 280w, https:\/\/www.peek-und-cloppenburg.de\/de\/wp-content\/uploads\/sites\/7\/2023\/02\/Rhena_Grasdiek_Karriere_AP-150x150.jpg 150w\" sizes=\"(max-width: 280px) 100vw, 280px\" \/><\/div><div class=\"vc_col-xs-8 contact-persons-teaser__item__text\"><div class=\"contact-persons-teaser__item__text__inner\"><span class=\"h4\">Young Professionals &amp; Ausbildung Zentrale<\/span><p><span class=\"contact-persons-teaser__item__name\">Rhena Grasdiek<\/span><br\/><a class=\"contact-persons-teaser__item__phone\" href=\"tel:+4916090182241\">+49 1609 0182241<\/a><br\/><a class=\"contact-persons-teaser__item__email\" href=\"mailto:karriere@peek-und-cloppenburg.de\">E-Mail senden<\/a><\/p><\/div><\/div><\/div><\/div><\/div><\/div><\/div><\/div>[\/vc_column][\/vc_row]<\/div>","protected":false},"excerpt":{"rendered":"[vc_row bwd_tbc4vd_show_weekday=&#8220;&#8220; full_width=&#8220;stretch_row_content_no_spaces&#8220;][vc_column][vc_column_text] Du liebst Mode und suchst eine Ausbildung im Einzelhandel, um nach Deinem Schulabschluss direkt durchzustarten? Bei Peek&amp;Cloppenburg* bist Du von Anfang an mittendrin! Lerne, wie der Mode-Einzelhandel funktioniert \u2013 egal ob im Store oder in der Zentrale. In Deiner zwei- bis dreij\u00e4hrigen Ausbildung sammelst Du wertvolle Erfahrungen, \u00fcbernimmst Verantwortung und entwickelst Dich [&hellip;]","protected":false},"author":6,"featured_media":0,"parent":1568,"menu_order":0,"comment_status":"closed","ping_status":"closed","template":"","meta":{"_acf_changed":false,"inline_featured_image":false,"footnotes":""},"class_list":["post-1580","page","type-page","status-publish","hentry"],"acf":[],"yoast_head":"<!-- This site is optimized with the Yoast SEO plugin v27.2 - https:\/\/yoast.com\/product\/yoast-seo-wordpress\/ -->\n<title>Ausbildungsberufe I Peek&amp;Cloppenburg Hamburg<\/title>\n<meta name=\"description\" content=\"Du suchst eine Ausbildung mit Perspektive? Entdecke Deine vielf\u00e4ltigen M\u00f6glichkeiten einer Ausbildung bei Peek&amp;Cloppenburg Hamburg\" \/>\n<meta name=\"robots\" content=\"index, follow, max-snippet:-1, max-image-preview:large, max-video-preview:-1\" \/>\n<link rel=\"canonical\" href=\"https:\/\/www.peek-und-cloppenburg.de\/de\/karriere\/schueler\/ausbildung\/\" \/>\n<meta property=\"og:locale\" content=\"de_DE\" \/>\n<meta property=\"og:type\" content=\"article\" \/>\n<meta property=\"og:title\" content=\"Ausbildungsberufe I Peek&amp;Cloppenburg Hamburg\" \/>\n<meta property=\"og:description\" content=\"Du suchst eine Ausbildung mit Perspektive? Entdecke Deine vielf\u00e4ltigen M\u00f6glichkeiten einer Ausbildung bei Peek&amp;Cloppenburg Hamburg\" \/>\n<meta property=\"og:url\" content=\"https:\/\/www.peek-und-cloppenburg.de\/de\/karriere\/schueler\/ausbildung\/\" \/>\n<meta property=\"og:site_name\" content=\"Peek&amp;Cloppenburg Deutschland\" \/>\n<meta property=\"article:publisher\" content=\"https:\/\/de-de.facebook.com\/peekundcloppenburg\/\" \/>\n<meta property=\"article:modified_time\" content=\"2026-02-24T16:51:20+00:00\" \/>\n<meta name=\"twitter:card\" content=\"summary_large_image\" \/>\n<meta name=\"twitter:label1\" content=\"Gesch\u00e4tzte Lesezeit\" \/>\n\t<meta name=\"twitter:data1\" content=\"5\u00a0Minuten\" \/>\n<script type=\"application\/ld+json\" class=\"yoast-schema-graph\">{\"@context\":\"https:\/\/schema.org\",\"@graph\":[{\"@type\":\"WebPage\",\"@id\":\"https:\/\/www.peek-und-cloppenburg.de\/de\/karriere\/schueler\/ausbildung\/\",\"url\":\"https:\/\/www.peek-und-cloppenburg.de\/de\/karriere\/schueler\/ausbildung\/\",\"name\":\"Ausbildungsberufe I Peek&Cloppenburg Hamburg\",\"isPartOf\":{\"@id\":\"https:\/\/www.peek-und-cloppenburg.de\/de\/#website\"},\"datePublished\":\"2022-01-24T12:10:32+00:00\",\"dateModified\":\"2026-02-24T16:51:20+00:00\",\"description\":\"Du suchst eine Ausbildung mit Perspektive? Entdecke Deine vielf\u00e4ltigen M\u00f6glichkeiten einer Ausbildung bei Peek&Cloppenburg Hamburg\",\"breadcrumb\":{\"@id\":\"https:\/\/www.peek-und-cloppenburg.de\/de\/karriere\/schueler\/ausbildung\/#breadcrumb\"},\"inLanguage\":\"de\",\"potentialAction\":[{\"@type\":\"ReadAction\",\"target\":[\"https:\/\/www.peek-und-cloppenburg.de\/de\/karriere\/schueler\/ausbildung\/\"]}]},{\"@type\":\"BreadcrumbList\",\"@id\":\"https:\/\/www.peek-und-cloppenburg.de\/de\/karriere\/schueler\/ausbildung\/#breadcrumb\",\"itemListElement\":[{\"@type\":\"ListItem\",\"position\":1,\"name\":\"Startseite\",\"item\":\"https:\/\/www.peek-und-cloppenburg.de\/de\/\"},{\"@type\":\"ListItem\",\"position\":2,\"name\":\"Karriere\",\"item\":\"https:\/\/www.peek-und-cloppenburg.de\/de\/karriere\/\"},{\"@type\":\"ListItem\",\"position\":3,\"name\":\"Sch\u00fcler:innen\",\"item\":\"https:\/\/www.peek-und-cloppenburg.de\/de\/karriere\/schueler\/\"},{\"@type\":\"ListItem\",\"position\":4,\"name\":\"Ausbildung\"}]},{\"@type\":\"WebSite\",\"@id\":\"https:\/\/www.peek-und-cloppenburg.de\/de\/#website\",\"url\":\"https:\/\/www.peek-und-cloppenburg.de\/de\/\",\"name\":\"Peek&Cloppenburg KG Hamburg\",\"description\":\"Peek&amp;Cloppenburg KG Hamburg\",\"publisher\":{\"@id\":\"https:\/\/www.peek-und-cloppenburg.de\/de\/#organization\"},\"potentialAction\":[{\"@type\":\"SearchAction\",\"target\":{\"@type\":\"EntryPoint\",\"urlTemplate\":\"https:\/\/www.peek-und-cloppenburg.de\/de\/?s={search_term_string}\"},\"query-input\":{\"@type\":\"PropertyValueSpecification\",\"valueRequired\":true,\"valueName\":\"search_term_string\"}}],\"inLanguage\":\"de\"},{\"@type\":\"Organization\",\"@id\":\"https:\/\/www.peek-und-cloppenburg.de\/de\/#organization\",\"name\":\"Peek&Cloppenburg KG Hamburg\",\"url\":\"https:\/\/www.peek-und-cloppenburg.de\/de\/\",\"logo\":{\"@type\":\"ImageObject\",\"inLanguage\":\"de\",\"@id\":\"https:\/\/www.peek-und-cloppenburg.de\/de\/#\/schema\/logo\/image\/\",\"url\":\"https:\/\/www.peek-und-cloppenburg.de\/de\/wp-content\/uploads\/sites\/7\/2020\/02\/logo_pc.svg\",\"contentUrl\":\"https:\/\/www.peek-und-cloppenburg.de\/de\/wp-content\/uploads\/sites\/7\/2020\/02\/logo_pc.svg\",\"width\":\"1024\",\"height\":\"1024\",\"caption\":\"Peek&Cloppenburg KG Hamburg\"},\"image\":{\"@id\":\"https:\/\/www.peek-und-cloppenburg.de\/de\/#\/schema\/logo\/image\/\"},\"sameAs\":[\"https:\/\/de-de.facebook.com\/peekundcloppenburg\/\",\"https:\/\/www.instagram.com\/vangraaf_de\/\",\"https:\/\/www.youtube.com\/channel\/UCPdkk0FSUkdWYlzYtJpiUuw\",\"https:\/\/www.snapchat.com\/add\/Pundckarriere\"]}]}<\/script>\n<!-- \/ Yoast SEO plugin. -->","yoast_head_json":{"title":"Ausbildungsberufe I Peek&Cloppenburg Hamburg","description":"Du suchst eine Ausbildung mit Perspektive? Entdecke Deine vielf\u00e4ltigen M\u00f6glichkeiten einer Ausbildung bei Peek&Cloppenburg Hamburg","robots":{"index":"index","follow":"follow","max-snippet":"max-snippet:-1","max-image-preview":"max-image-preview:large","max-video-preview":"max-video-preview:-1"},"canonical":"https:\/\/www.peek-und-cloppenburg.de\/de\/karriere\/schueler\/ausbildung\/","og_locale":"de_DE","og_type":"article","og_title":"Ausbildungsberufe I Peek&Cloppenburg Hamburg","og_description":"Du suchst eine Ausbildung mit Perspektive? Entdecke Deine vielf\u00e4ltigen M\u00f6glichkeiten einer Ausbildung bei Peek&Cloppenburg Hamburg","og_url":"https:\/\/www.peek-und-cloppenburg.de\/de\/karriere\/schueler\/ausbildung\/","og_site_name":"Peek&amp;Cloppenburg Deutschland","article_publisher":"https:\/\/de-de.facebook.com\/peekundcloppenburg\/","article_modified_time":"2026-02-24T16:51:20+00:00","twitter_card":"summary_large_image","twitter_misc":{"Gesch\u00e4tzte Lesezeit":"5\u00a0Minuten"},"schema":{"@context":"https:\/\/schema.org","@graph":[{"@type":"WebPage","@id":"https:\/\/www.peek-und-cloppenburg.de\/de\/karriere\/schueler\/ausbildung\/","url":"https:\/\/www.peek-und-cloppenburg.de\/de\/karriere\/schueler\/ausbildung\/","name":"Ausbildungsberufe I Peek&Cloppenburg Hamburg","isPartOf":{"@id":"https:\/\/www.peek-und-cloppenburg.de\/de\/#website"},"datePublished":"2022-01-24T12:10:32+00:00","dateModified":"2026-02-24T16:51:20+00:00","description":"Du suchst eine Ausbildung mit Perspektive? Entdecke Deine vielf\u00e4ltigen M\u00f6glichkeiten einer Ausbildung bei Peek&Cloppenburg Hamburg","breadcrumb":{"@id":"https:\/\/www.peek-und-cloppenburg.de\/de\/karriere\/schueler\/ausbildung\/#breadcrumb"},"inLanguage":"de","potentialAction":[{"@type":"ReadAction","target":["https:\/\/www.peek-und-cloppenburg.de\/de\/karriere\/schueler\/ausbildung\/"]}]},{"@type":"BreadcrumbList","@id":"https:\/\/www.peek-und-cloppenburg.de\/de\/karriere\/schueler\/ausbildung\/#breadcrumb","itemListElement":[{"@type":"ListItem","position":1,"name":"Startseite","item":"https:\/\/www.peek-und-cloppenburg.de\/de\/"},{"@type":"ListItem","position":2,"name":"Karriere","item":"https:\/\/www.peek-und-cloppenburg.de\/de\/karriere\/"},{"@type":"ListItem","position":3,"name":"Sch\u00fcler:innen","item":"https:\/\/www.peek-und-cloppenburg.de\/de\/karriere\/schueler\/"},{"@type":"ListItem","position":4,"name":"Ausbildung"}]},{"@type":"WebSite","@id":"https:\/\/www.peek-und-cloppenburg.de\/de\/#website","url":"https:\/\/www.peek-und-cloppenburg.de\/de\/","name":"Peek&Cloppenburg KG Hamburg","description":"Peek&amp;Cloppenburg KG Hamburg","publisher":{"@id":"https:\/\/www.peek-und-cloppenburg.de\/de\/#organization"},"potentialAction":[{"@type":"SearchAction","target":{"@type":"EntryPoint","urlTemplate":"https:\/\/www.peek-und-cloppenburg.de\/de\/?s={search_term_string}"},"query-input":{"@type":"PropertyValueSpecification","valueRequired":true,"valueName":"search_term_string"}}],"inLanguage":"de"},{"@type":"Organization","@id":"https:\/\/www.peek-und-cloppenburg.de\/de\/#organization","name":"Peek&Cloppenburg KG Hamburg","url":"https:\/\/www.peek-und-cloppenburg.de\/de\/","logo":{"@type":"ImageObject","inLanguage":"de","@id":"https:\/\/www.peek-und-cloppenburg.de\/de\/#\/schema\/logo\/image\/","url":"https:\/\/www.peek-und-cloppenburg.de\/de\/wp-content\/uploads\/sites\/7\/2020\/02\/logo_pc.svg","contentUrl":"https:\/\/www.peek-und-cloppenburg.de\/de\/wp-content\/uploads\/sites\/7\/2020\/02\/logo_pc.svg","width":"1024","height":"1024","caption":"Peek&Cloppenburg KG Hamburg"},"image":{"@id":"https:\/\/www.peek-und-cloppenburg.de\/de\/#\/schema\/logo\/image\/"},"sameAs":["https:\/\/de-de.facebook.com\/peekundcloppenburg\/","https:\/\/www.instagram.com\/vangraaf_de\/","https:\/\/www.youtube.com\/channel\/UCPdkk0FSUkdWYlzYtJpiUuw","https:\/\/www.snapchat.com\/add\/Pundckarriere"]}]}},"_links":{"self":[{"href":"https:\/\/www.peek-und-cloppenburg.de\/de\/wp-json\/wp\/v2\/pages\/1580","targetHints":{"allow":["GET"]}}],"collection":[{"href":"https:\/\/www.peek-und-cloppenburg.de\/de\/wp-json\/wp\/v2\/pages"}],"about":[{"href":"https:\/\/www.peek-und-cloppenburg.de\/de\/wp-json\/wp\/v2\/types\/page"}],"author":[{"embeddable":true,"href":"https:\/\/www.peek-und-cloppenburg.de\/de\/wp-json\/wp\/v2\/users\/6"}],"replies":[{"embeddable":true,"href":"https:\/\/www.peek-und-cloppenburg.de\/de\/wp-json\/wp\/v2\/comments?post=1580"}],"version-history":[{"count":48,"href":"https:\/\/www.peek-und-cloppenburg.de\/de\/wp-json\/wp\/v2\/pages\/1580\/revisions"}],"predecessor-version":[{"id":12334,"href":"https:\/\/www.peek-und-cloppenburg.de\/de\/wp-json\/wp\/v2\/pages\/1580\/revisions\/12334"}],"up":[{"embeddable":true,"href":"https:\/\/www.peek-und-cloppenburg.de\/de\/wp-json\/wp\/v2\/pages\/1568"}],"wp:attachment":[{"href":"https:\/\/www.peek-und-cloppenburg.de\/de\/wp-json\/wp\/v2\/media?parent=1580"}],"curies":[{"name":"wp","href":"https:\/\/api.w.org\/{rel}","templated":true}]}}